{"id":736,"date":"2025-10-14T12:15:59","date_gmt":"2025-10-14T12:15:59","guid":{"rendered":"https:\/\/www.delapuerta.com\/paratodaslaspersonas\/?page_id=736"},"modified":"2025-10-14T12:47:16","modified_gmt":"2025-10-14T12:47:16","slug":"asprosub-toro","status":"publish","type":"page","link":"https:\/\/www.delapuerta.com\/paratodaslaspersonas\/asprosub-toro\/","title":{"rendered":"Centro de atenci\u00f3n diurna ASPROSUB, TORO, ZAMORA, 2010"},"content":{"rendered":"\t\t<div data-elementor-type=\"wp-page\" data-elementor-id=\"736\" class=\"elementor elementor-736\" data-elementor-post-type=\"page\">\n\t\t\t\t\t\t<section class=\"elementor-section elementor-top-section elementor-element elementor-element-5c15c74 elementor-section-boxed elementor-section-height-default elementor-section-height-default\" data-id=\"5c15c74\" data-element_type=\"section\">\n\t\t\t\t\t\t<div class=\"elementor-container elementor-column-gap-default\">\n\t\t\t\t\t<div class=\"elementor-column elementor-col-100 elementor-top-column elementor-element elementor-element-4903420\" data-id=\"4903420\" data-element_type=\"column\">\n\t\t\t<div class=\"elementor-widget-wrap elementor-element-populated\">\n\t\t\t\t\t\t<div class=\"elementor-element elementor-element-48449b8 elementor-align-left elementor-widget elementor-widget-button\" data-id=\"48449b8\" data-element_type=\"widget\" data-widget_type=\"button.default\">\n\t\t\t\t<div class=\"elementor-widget-container\">\n\t\t\t\t\t\t\t\t\t<div class=\"elementor-button-wrapper\">\n\t\t\t\t\t<a class=\"elementor-button elementor-button-link elementor-size-sm\" href=\"https:\/\/www.delapuerta.com\/paratodaslaspersonas\/#proyectos\">\n\t\t\t\t\t\t<span class=\"elementor-button-content-wrapper\">\n\t\t\t\t\t\t\t\t\t<span class=\"elementor-button-text\">&lt;&lt; Volver<\/span>\n\t\t\t\t\t<\/span>\n\t\t\t\t\t<\/a>\n\t\t\t\t<\/div>\n\t\t\t\t\t\t\t\t<\/div>\n\t\t\t\t<\/div>\n\t\t\t\t\t<\/div>\n\t\t<\/div>\n\t\t\t\t\t<\/div>\n\t\t<\/section>\n\t\t\t\t<section class=\"elementor-section elementor-top-section elementor-element elementor-element-292d9d1 elementor-section-boxed elementor-section-height-default elementor-section-height-default\" data-id=\"292d9d1\" data-element_type=\"section\">\n\t\t\t\t\t\t<div class=\"elementor-container elementor-column-gap-default\">\n\t\t\t\t\t<div class=\"elementor-column elementor-col-100 elementor-top-column elementor-element elementor-element-ee978ce\" data-id=\"ee978ce\" data-element_type=\"column\">\n\t\t\t<div class=\"elementor-widget-wrap elementor-element-populated\">\n\t\t\t\t\t\t<div class=\"elementor-element elementor-element-eedecde elementor-widget elementor-widget-heading\" data-id=\"eedecde\" data-element_type=\"widget\" data-widget_type=\"heading.default\">\n\t\t\t\t<div class=\"elementor-widget-container\">\n\t\t\t\t\t<h1 class=\"elementor-heading-title elementor-size-default\">Centro de atenci\u00f3n diurna<\/h1>\t\t\t\t<\/div>\n\t\t\t\t<\/div>\n\t\t\t\t<div class=\"elementor-element elementor-element-1d015bf elementor-widget elementor-widget-heading\" data-id=\"1d015bf\" data-element_type=\"widget\" data-widget_type=\"heading.default\">\n\t\t\t\t<div class=\"elementor-widget-container\">\n\t\t\t\t\t<div class=\"elementor-heading-title elementor-size-default\">ASPROSUB, TORO, ZAMORA, 2010<\/div>\t\t\t\t<\/div>\n\t\t\t\t<\/div>\n\t\t\t\t<div class=\"elementor-element elementor-element-10fce259 elementor-widget elementor-widget-text-editor\" data-id=\"10fce259\" data-element_type=\"widget\" data-widget_type=\"text-editor.default\">\n\t\t\t\t<div class=\"elementor-widget-container\">\n\t\t\t\t\t\t\t\t\t<p>Como en otras ocasiones, la asociaci\u00f3n dispon\u00eda un so\u00adlar a las afueras de Toro, el cual fue cedido por el ayun\u00adtamiento.<\/p><p>El entorno heterog\u00e9neo, mezcla de naves industriales y chal\u00e9s, fue el condicionante y la oportunidad que nos llev\u00f3 a pensar en un edificio en forma de espiral, que se a\u00edsla de ese entorno y que rodea un patio al que se abren todos los espacios.<\/p><p>La gradaci\u00f3n de usos y en altura favorece el soleamiento del patio y ayuda a la divisi\u00f3n en dos niveles de atenci\u00f3n seg\u00fan el grado de necesidad de los usuari@s: la planta baja se dise\u00f1a con orientaci\u00f3n sur para personas con una discapacidad mayor, mientras la planta primera se dise\u00f1a para las personas con m\u00e1s autonom\u00eda. La facha\u00adda acristalada est\u00e1 abierta al patio y orientada a medio\u00add\u00eda.<\/p><p>Las decisiones de materiales potencian esa separaci\u00f3n interior \u2013 exterior. Al exterior un ladrillo gris con textu\u00adra rayada vertical, hecho a medida para este proyecto, en el que solo se rasgan algunos huecos, mientras que el interior se caracteriza con una chapa brillantes con la misma textura en menor escala gris y un suelo rojo ce\u00adr\u00e1mico, que llenan de color el patio interior. Adem\u00e1s, en el patio, se encuentran \u00e1rboles de hoja caduca, a los que se abren instalaciones pioneras en atenci\u00f3n temprana.<\/p>\t\t\t\t\t\t\t\t<\/div>\n\t\t\t\t<\/div>\n\t\t\t\t\t<\/div>\n\t\t<\/div>\n\t\t\t\t\t<\/div>\n\t\t<\/section>\n\t\t\t\t<section class=\"elementor-section elementor-top-section elementor-element elementor-element-0590f5d elementor-section-boxed elementor-section-height-default elementor-section-height-default\" data-id=\"0590f5d\" data-element_type=\"section\">\n\t\t\t\t\t\t<div class=\"elementor-container elementor-column-gap-default\">\n\t\t\t\t\t<div class=\"elementor-column elementor-col-100 elementor-top-column elementor-element elementor-element-ccf3017\" data-id=\"ccf3017\" data-element_type=\"column\">\n\t\t\t<div class=\"elementor-widget-wrap elementor-element-populated\">\n\t\t\t\t\t\t<div class=\"elementor-element elementor-element-e48db8f elementor-widget elementor-widget-heading\" data-id=\"e48db8f\" data-element_type=\"widget\" data-widget_type=\"heading.default\">\n\t\t\t\t<div class=\"elementor-widget-container\">\n\t\t\t\t\t<h2 class=\"elementor-heading-title elementor-size-default\">Premios y publicaciones<\/h2>\t\t\t\t<\/div>\n\t\t\t\t<\/div>\n\t\t\t\t<div class=\"elementor-element elementor-element-e283840 elementor-icon-list--layout-traditional elementor-list-item-link-full_width elementor-widget elementor-widget-icon-list\" data-id=\"e283840\" data-element_type=\"widget\" data-widget_type=\"icon-list.default\">\n\t\t\t\t<div class=\"elementor-widget-container\">\n\t\t\t\t\t\t\t<ul class=\"elementor-icon-list-items\">\n\t\t\t\t\t\t\t<li class=\"elementor-icon-list-item\">\n\t\t\t\t\t\t\t\t\t\t\t<span class=\"elementor-icon-list-icon\">\n\t\t\t\t\t\t\t<i aria-hidden=\"true\" class=\"fas fa-award\"><\/i>\t\t\t\t\t\t<\/span>\n\t\t\t\t\t\t\t\t\t\t<span class=\"elementor-icon-list-text\">Obra seleccionada V Edicion Premios Enor 2011<\/span>\n\t\t\t\t\t\t\t\t\t<\/li>\n\t\t\t\t\t\t\t\t<li class=\"elementor-icon-list-item\">\n\t\t\t\t\t\t\t\t\t\t\t<span class=\"elementor-icon-list-icon\">\n\t\t\t\t\t\t\t<i aria-hidden=\"true\" class=\"fas fa-award\"><\/i>\t\t\t\t\t\t<\/span>\n\t\t\t\t\t\t\t\t\t\t<span class=\"elementor-icon-list-text\">Obra seleccionada XI Edicion Premios Hispalyt 2011<\/span>\n\t\t\t\t\t\t\t\t\t<\/li>\n\t\t\t\t\t\t\t\t<li class=\"elementor-icon-list-item\">\n\t\t\t\t\t\t\t\t\t\t\t<span class=\"elementor-icon-list-icon\">\n\t\t\t\t\t\t\t<i aria-hidden=\"true\" class=\"fas fa-book\"><\/i>\t\t\t\t\t\t<\/span>\n\t\t\t\t\t\t\t\t\t\t<span class=\"elementor-icon-list-text\">ZAXXI ARQUITECTURA ZAMORANA DEL SXXI. Isbn: 978-84-694-7091- 6. Diputacion de Zamora y Colegio de Arquitectos de Le\u00f3n. 2011 (p\u00e1gs. 32,33 y 34)<\/span>\n\t\t\t\t\t\t\t\t\t<\/li>\n\t\t\t\t\t\t\t\t<li class=\"elementor-icon-list-item\">\n\t\t\t\t\t\t\t\t\t\t\t<span class=\"elementor-icon-list-icon\">\n\t\t\t\t\t\t\t<i aria-hidden=\"true\" class=\"fas fa-book\"><\/i>\t\t\t\t\t\t<\/span>\n\t\t\t\t\t\t\t\t\t\t<span class=\"elementor-icon-list-text\">XI premio de arquitectura de ladrillo 2009-2011. Hyspalit. Pags 46-49 2012<\/span>\n\t\t\t\t\t\t\t\t\t<\/li>\n\t\t\t\t\t\t<\/ul>\n\t\t\t\t\t\t<\/div>\n\t\t\t\t<\/div>\n\t\t\t\t\t<\/div>\n\t\t<\/div>\n\t\t\t\t\t<\/div>\n\t\t<\/section>\n\t\t\t\t<section class=\"elementor-section elementor-top-section elementor-element elementor-element-59681be elementor-section-boxed elementor-section-height-default elementor-section-height-default\" data-id=\"59681be\" data-element_type=\"section\">\n\t\t\t\t\t\t<div class=\"elementor-container elementor-column-gap-default\">\n\t\t\t\t\t<div class=\"elementor-column elementor-col-100 elementor-top-column elementor-element elementor-element-e434a91\" data-id=\"e434a91\" data-element_type=\"column\">\n\t\t\t<div class=\"elementor-widget-wrap elementor-element-populated\">\n\t\t\t\t\t\t<div class=\"elementor-element elementor-element-949ce2c elementor-widget elementor-widget-gallery\" data-id=\"949ce2c\" data-element_type=\"widget\" data-settings=\"{&quot;gallery_layout&quot;:&quot;justified&quot;,&quot;ideal_row_height&quot;:{&quot;unit&quot;:&quot;px&quot;,&quot;size&quot;:600,&quot;sizes&quot;:[]},&quot;ideal_row_height_tablet&quot;:{&quot;unit&quot;:&quot;px&quot;,&quot;size&quot;:300,&quot;sizes&quot;:[]},&quot;ideal_row_height_mobile&quot;:{&quot;unit&quot;:&quot;px&quot;,&quot;size&quot;:300,&quot;sizes&quot;:[]},&quot;lazyload&quot;:&quot;yes&quot;,&quot;gap&quot;:{&quot;unit&quot;:&quot;px&quot;,&quot;size&quot;:10,&quot;sizes&quot;:[]},&quot;gap_tablet&quot;:{&quot;unit&quot;:&quot;px&quot;,&quot;size&quot;:10,&quot;sizes&quot;:[]},&quot;gap_mobile&quot;:{&quot;unit&quot;:&quot;px&quot;,&quot;size&quot;:10,&quot;sizes&quot;:[]},&quot;link_to&quot;:&quot;file&quot;,&quot;overlay_background&quot;:&quot;yes&quot;,&quot;content_hover_animation&quot;:&quot;fade-in&quot;}\" data-widget_type=\"gallery.default\">\n\t\t\t\t<div class=\"elementor-widget-container\">\n\t\t\t\t\t\t\t<div class=\"elementor-gallery__container\">\n\t\t\t\t\t\t\t<a class=\"e-gallery-item elementor-gallery-item elementor-animated-content\" href=\"https:\/\/www.delapuerta.com\/paratodaslaspersonas\/wp-content\/uploads\/2025\/10\/proyecto10-B-scaled.jpg\" data-elementor-open-lightbox=\"yes\" data-elementor-lightbox-slideshow=\"949ce2c\" data-elementor-lightbox-title=\"proyecto10-B\" data-e-action-hash=\"#elementor-action%3Aaction%3Dlightbox%26settings%3DeyJpZCI6NzQyLCJ1cmwiOiJodHRwczpcL1wvd3d3LmRlbGFwdWVydGEuY29tXC9wYXJhdG9kYXNsYXNwZXJzb25hc1wvd3AtY29udGVudFwvdXBsb2Fkc1wvMjAyNVwvMTBcL3Byb3llY3RvMTAtQi1zY2FsZWQuanBnIiwic2xpZGVzaG93IjoiOTQ5Y2UyYyJ9\">\n\t\t\t\t\t<div class=\"e-gallery-image elementor-gallery-item__image\" data-thumbnail=\"https:\/\/www.delapuerta.com\/paratodaslaspersonas\/wp-content\/uploads\/2025\/10\/proyecto10-B-1024x611.jpg\" data-width=\"800\" data-height=\"477\" aria-label=\"\" role=\"img\" ><\/div>\n\t\t\t\t\t\t\t\t\t\t\t<div class=\"elementor-gallery-item__overlay\"><\/div>\n\t\t\t\t\t\t\t\t\t\t\t\t\t\t<\/a>\n\t\t\t\t\t\t\t<a class=\"e-gallery-item elementor-gallery-item elementor-animated-content\" href=\"https:\/\/www.delapuerta.com\/paratodaslaspersonas\/wp-content\/uploads\/2025\/10\/proyecto10-D-scaled.jpg\" data-elementor-open-lightbox=\"yes\" data-elementor-lightbox-slideshow=\"949ce2c\" data-elementor-lightbox-title=\"proyecto10-D\" data-e-action-hash=\"#elementor-action%3Aaction%3Dlightbox%26settings%3DeyJpZCI6NzQ0LCJ1cmwiOiJodHRwczpcL1wvd3d3LmRlbGFwdWVydGEuY29tXC9wYXJhdG9kYXNsYXNwZXJzb25hc1wvd3AtY29udGVudFwvdXBsb2Fkc1wvMjAyNVwvMTBcL3Byb3llY3RvMTAtRC1zY2FsZWQuanBnIiwic2xpZGVzaG93IjoiOTQ5Y2UyYyJ9\">\n\t\t\t\t\t<div class=\"e-gallery-image elementor-gallery-item__image\" data-thumbnail=\"https:\/\/www.delapuerta.com\/paratodaslaspersonas\/wp-content\/uploads\/2025\/10\/proyecto10-D-874x1024.jpg\" data-width=\"800\" data-height=\"937\" aria-label=\"\" role=\"img\" ><\/div>\n\t\t\t\t\t\t\t\t\t\t\t<div class=\"elementor-gallery-item__overlay\"><\/div>\n\t\t\t\t\t\t\t\t\t\t\t\t\t\t<\/a>\n\t\t\t\t\t\t\t<a class=\"e-gallery-item elementor-gallery-item elementor-animated-content\" href=\"https:\/\/www.delapuerta.com\/paratodaslaspersonas\/wp-content\/uploads\/2025\/10\/proyecto10-A-scaled.jpg\" data-elementor-open-lightbox=\"yes\" data-elementor-lightbox-slideshow=\"949ce2c\" data-elementor-lightbox-title=\"proyecto10-A\" data-e-action-hash=\"#elementor-action%3Aaction%3Dlightbox%26settings%3DeyJpZCI6NzQwLCJ1cmwiOiJodHRwczpcL1wvd3d3LmRlbGFwdWVydGEuY29tXC9wYXJhdG9kYXNsYXNwZXJzb25hc1wvd3AtY29udGVudFwvdXBsb2Fkc1wvMjAyNVwvMTBcL3Byb3llY3RvMTAtQS1zY2FsZWQuanBnIiwic2xpZGVzaG93IjoiOTQ5Y2UyYyJ9\">\n\t\t\t\t\t<div class=\"e-gallery-image elementor-gallery-item__image\" data-thumbnail=\"https:\/\/www.delapuerta.com\/paratodaslaspersonas\/wp-content\/uploads\/2025\/10\/proyecto10-A-1024x474.jpg\" data-width=\"800\" data-height=\"370\" aria-label=\"\" role=\"img\" ><\/div>\n\t\t\t\t\t\t\t\t\t\t\t<div class=\"elementor-gallery-item__overlay\"><\/div>\n\t\t\t\t\t\t\t\t\t\t\t\t\t\t<\/a>\n\t\t\t\t\t\t\t<a class=\"e-gallery-item elementor-gallery-item elementor-animated-content\" href=\"https:\/\/www.delapuerta.com\/paratodaslaspersonas\/wp-content\/uploads\/2025\/10\/proyecto10-C-scaled.jpg\" data-elementor-open-lightbox=\"yes\" data-elementor-lightbox-slideshow=\"949ce2c\" data-elementor-lightbox-title=\"proyecto10-C\" data-e-action-hash=\"#elementor-action%3Aaction%3Dlightbox%26settings%3DeyJpZCI6NzQzLCJ1cmwiOiJodHRwczpcL1wvd3d3LmRlbGFwdWVydGEuY29tXC9wYXJhdG9kYXNsYXNwZXJzb25hc1wvd3AtY29udGVudFwvdXBsb2Fkc1wvMjAyNVwvMTBcL3Byb3llY3RvMTAtQy1zY2FsZWQuanBnIiwic2xpZGVzaG93IjoiOTQ5Y2UyYyJ9\">\n\t\t\t\t\t<div class=\"e-gallery-image elementor-gallery-item__image\" data-thumbnail=\"https:\/\/www.delapuerta.com\/paratodaslaspersonas\/wp-content\/uploads\/2025\/10\/proyecto10-C-1024x479.jpg\" data-width=\"800\" data-height=\"374\" aria-label=\"\" role=\"img\" ><\/div>\n\t\t\t\t\t\t\t\t\t\t\t<div class=\"elementor-gallery-item__overlay\"><\/div>\n\t\t\t\t\t\t\t\t\t\t\t\t\t\t<\/a>\n\t\t\t\t\t\t\t<a class=\"e-gallery-item elementor-gallery-item elementor-animated-content\" href=\"https:\/\/www.delapuerta.com\/paratodaslaspersonas\/wp-content\/uploads\/2025\/10\/proyecto10-E-scaled.jpg\" data-elementor-open-lightbox=\"yes\" data-elementor-lightbox-slideshow=\"949ce2c\" data-elementor-lightbox-title=\"proyecto10-E\" data-e-action-hash=\"#elementor-action%3Aaction%3Dlightbox%26settings%3DeyJpZCI6NzQ1LCJ1cmwiOiJodHRwczpcL1wvd3d3LmRlbGFwdWVydGEuY29tXC9wYXJhdG9kYXNsYXNwZXJzb25hc1wvd3AtY29udGVudFwvdXBsb2Fkc1wvMjAyNVwvMTBcL3Byb3llY3RvMTAtRS1zY2FsZWQuanBnIiwic2xpZGVzaG93IjoiOTQ5Y2UyYyJ9\">\n\t\t\t\t\t<div class=\"e-gallery-image elementor-gallery-item__image\" data-thumbnail=\"https:\/\/www.delapuerta.com\/paratodaslaspersonas\/wp-content\/uploads\/2025\/10\/proyecto10-E-683x1024.jpg\" data-width=\"683\" data-height=\"1024\" aria-label=\"\" role=\"img\" ><\/div>\n\t\t\t\t\t\t\t\t\t\t\t<div class=\"elementor-gallery-item__overlay\"><\/div>\n\t\t\t\t\t\t\t\t\t\t\t\t\t\t<\/a>\n\t\t\t\t\t\t\t<a class=\"e-gallery-item elementor-gallery-item elementor-animated-content\" href=\"https:\/\/www.delapuerta.com\/paratodaslaspersonas\/wp-content\/uploads\/2025\/10\/proyecto10-0-scaled.jpg\" data-elementor-open-lightbox=\"yes\" data-elementor-lightbox-slideshow=\"949ce2c\" data-elementor-lightbox-title=\"proyecto10-0\" data-e-action-hash=\"#elementor-action%3Aaction%3Dlightbox%26settings%3DeyJpZCI6NzM5LCJ1cmwiOiJodHRwczpcL1wvd3d3LmRlbGFwdWVydGEuY29tXC9wYXJhdG9kYXNsYXNwZXJzb25hc1wvd3AtY29udGVudFwvdXBsb2Fkc1wvMjAyNVwvMTBcL3Byb3llY3RvMTAtMC1zY2FsZWQuanBnIiwic2xpZGVzaG93IjoiOTQ5Y2UyYyJ9\">\n\t\t\t\t\t<div class=\"e-gallery-image elementor-gallery-item__image\" data-thumbnail=\"https:\/\/www.delapuerta.com\/paratodaslaspersonas\/wp-content\/uploads\/2025\/10\/proyecto10-0-1024x1024.jpg\" data-width=\"800\" data-height=\"800\" aria-label=\"\" role=\"img\" ><\/div>\n\t\t\t\t\t\t\t\t\t\t\t<div class=\"elementor-gallery-item__overlay\"><\/div>\n\t\t\t\t\t\t\t\t\t\t\t\t\t\t<\/a>\n\t\t\t\t\t<\/div>\n\t\t\t\t\t<\/div>\n\t\t\t\t<\/div>\n\t\t\t\t\t<\/div>\n\t\t<\/div>\n\t\t\t\t\t<\/div>\n\t\t<\/section>\n\t\t\t\t<section class=\"elementor-section elementor-top-section elementor-element elementor-element-8b57562 elementor-section-boxed elementor-section-height-default elementor-section-height-default\" data-id=\"8b57562\" data-element_type=\"section\">\n\t\t\t\t\t\t<div class=\"elementor-container elementor-column-gap-default\">\n\t\t\t\t\t<div class=\"elementor-column elementor-col-100 elementor-top-column elementor-element elementor-element-f96e31e\" data-id=\"f96e31e\" data-element_type=\"column\">\n\t\t\t<div class=\"elementor-widget-wrap elementor-element-populated\">\n\t\t\t\t\t\t<div class=\"elementor-element elementor-element-123bcd0 comillas elementor-widget elementor-widget-heading\" data-id=\"123bcd0\" data-element_type=\"widget\" data-widget_type=\"heading.default\">\n\t\t\t\t<div class=\"elementor-widget-container\">\n\t\t\t\t\t<div class=\"elementor-heading-title elementor-size-default\">Las cubiertas persiguen el sol para introducirlo en el patio, casi a todas horas<\/div>\t\t\t\t<\/div>\n\t\t\t\t<\/div>\n\t\t\t\t\t<\/div>\n\t\t<\/div>\n\t\t\t\t\t<\/div>\n\t\t<\/section>\n\t\t\t\t<\/div>\n\t\t","protected":false},"excerpt":{"rendered":"<p>&lt;&lt; Volver Centro de atenci\u00f3n diurna ASPROSUB, TORO, ZAMORA, 2010 Como en otras ocasiones, la asociaci\u00f3n dispon\u00eda un so\u00adlar a las afueras de Toro, el cual fue cedido por el ayun\u00adtamiento. El entorno heterog\u00e9neo, mezcla de naves industriales y chal\u00e9s, fue el condicionante y la oportunidad que nos llev\u00f3 a pensar en un edificio en [&hellip;]<\/p>\n","protected":false},"author":2,"featured_media":0,"parent":0,"menu_order":0,"comment_status":"closed","ping_status":"closed","template":"","meta":{"_acf_changed":false,"footnotes":""},"class_list":["post-736","page","type-page","status-publish","hentry"],"acf":[],"_links":{"self":[{"href":"https:\/\/www.delapuerta.com\/paratodaslaspersonas\/wp-json\/wp\/v2\/pages\/736","targetHints":{"allow":["GET"]}}],"collection":[{"href":"https:\/\/www.delapuerta.com\/paratodaslaspersonas\/wp-json\/wp\/v2\/pages"}],"about":[{"href":"https:\/\/www.delapuerta.com\/paratodaslaspersonas\/wp-json\/wp\/v2\/types\/page"}],"author":[{"embeddable":true,"href":"https:\/\/www.delapuerta.com\/paratodaslaspersonas\/wp-json\/wp\/v2\/users\/2"}],"replies":[{"embeddable":true,"href":"https:\/\/www.delapuerta.com\/paratodaslaspersonas\/wp-json\/wp\/v2\/comments?post=736"}],"version-history":[{"count":10,"href":"https:\/\/www.delapuerta.com\/paratodaslaspersonas\/wp-json\/wp\/v2\/pages\/736\/revisions"}],"predecessor-version":[{"id":804,"href":"https:\/\/www.delapuerta.com\/paratodaslaspersonas\/wp-json\/wp\/v2\/pages\/736\/revisions\/804"}],"wp:attachment":[{"href":"https:\/\/www.delapuerta.com\/paratodaslaspersonas\/wp-json\/wp\/v2\/media?parent=736"}],"curies":[{"name":"wp","href":"https:\/\/api.w.org\/{rel}","templated":true}]}}