{"id":643,"date":"2025-10-14T11:23:39","date_gmt":"2025-10-14T11:23:39","guid":{"rendered":"https:\/\/www.delapuerta.com\/paratodaslaspersonas\/?page_id=643"},"modified":"2025-10-14T12:45:55","modified_gmt":"2025-10-14T12:45:55","slug":"aspace-salamanca","status":"publish","type":"page","link":"https:\/\/www.delapuerta.com\/paratodaslaspersonas\/aspace-salamanca\/","title":{"rendered":"Residencia y centro de d\u00eda para personas afectadas de par\u00e1lisis cerebral, ASPACE, SALAMANCA, 2004"},"content":{"rendered":"\t\t<div data-elementor-type=\"wp-page\" data-elementor-id=\"643\" class=\"elementor elementor-643\" data-elementor-post-type=\"page\">\n\t\t\t\t\t\t<section class=\"elementor-section elementor-top-section elementor-element elementor-element-5c15c74 elementor-section-boxed elementor-section-height-default elementor-section-height-default\" data-id=\"5c15c74\" data-element_type=\"section\">\n\t\t\t\t\t\t<div class=\"elementor-container elementor-column-gap-default\">\n\t\t\t\t\t<div class=\"elementor-column elementor-col-100 elementor-top-column elementor-element elementor-element-4903420\" data-id=\"4903420\" data-element_type=\"column\">\n\t\t\t<div class=\"elementor-widget-wrap elementor-element-populated\">\n\t\t\t\t\t\t<div class=\"elementor-element elementor-element-48449b8 elementor-align-left elementor-widget elementor-widget-button\" data-id=\"48449b8\" data-element_type=\"widget\" data-widget_type=\"button.default\">\n\t\t\t\t<div class=\"elementor-widget-container\">\n\t\t\t\t\t\t\t\t\t<div class=\"elementor-button-wrapper\">\n\t\t\t\t\t<a class=\"elementor-button elementor-button-link elementor-size-sm\" href=\"https:\/\/www.delapuerta.com\/paratodaslaspersonas\/#proyectos\">\n\t\t\t\t\t\t<span class=\"elementor-button-content-wrapper\">\n\t\t\t\t\t\t\t\t\t<span class=\"elementor-button-text\">&lt;&lt; Volver<\/span>\n\t\t\t\t\t<\/span>\n\t\t\t\t\t<\/a>\n\t\t\t\t<\/div>\n\t\t\t\t\t\t\t\t<\/div>\n\t\t\t\t<\/div>\n\t\t\t\t\t<\/div>\n\t\t<\/div>\n\t\t\t\t\t<\/div>\n\t\t<\/section>\n\t\t\t\t<section class=\"elementor-section elementor-top-section elementor-element elementor-element-292d9d1 elementor-section-boxed elementor-section-height-default elementor-section-height-default\" data-id=\"292d9d1\" data-element_type=\"section\">\n\t\t\t\t\t\t<div class=\"elementor-container elementor-column-gap-default\">\n\t\t\t\t\t<div class=\"elementor-column elementor-col-100 elementor-top-column elementor-element elementor-element-ee978ce\" data-id=\"ee978ce\" data-element_type=\"column\">\n\t\t\t<div class=\"elementor-widget-wrap elementor-element-populated\">\n\t\t\t\t\t\t<div class=\"elementor-element elementor-element-eedecde elementor-widget elementor-widget-heading\" data-id=\"eedecde\" data-element_type=\"widget\" data-widget_type=\"heading.default\">\n\t\t\t\t<div class=\"elementor-widget-container\">\n\t\t\t\t\t<h1 class=\"elementor-heading-title elementor-size-default\">Residencia y centro de d\u00eda para personas afectadas de par\u00e1lisis cerebral<\/h1>\t\t\t\t<\/div>\n\t\t\t\t<\/div>\n\t\t\t\t<div class=\"elementor-element elementor-element-1d015bf elementor-widget elementor-widget-heading\" data-id=\"1d015bf\" data-element_type=\"widget\" data-widget_type=\"heading.default\">\n\t\t\t\t<div class=\"elementor-widget-container\">\n\t\t\t\t\t<div class=\"elementor-heading-title elementor-size-default\">ASPACE, SALAMANCA, 2004<\/div>\t\t\t\t<\/div>\n\t\t\t\t<\/div>\n\t\t\t\t<div class=\"elementor-element elementor-element-10fce259 elementor-widget elementor-widget-text-editor\" data-id=\"10fce259\" data-element_type=\"widget\" data-widget_type=\"text-editor.default\">\n\t\t\t\t<div class=\"elementor-widget-container\">\n\t\t\t\t\t\t\t\t\t<p>Dos vol\u00famenes en forma de L que rodea un parque urbano dan lugar a la residencia y al centro de d\u00eda. Nos enfrentamos a dos fuertes condicionantes en este proyecto. Por un lado, conseguir dar coherencia y unidad a una actuaci\u00f3n que se situaba en dos solares separados por un parque p\u00fablico. Por otro, responder a las necesidades propias de los usuarios con un centro de d\u00eda para 70 personas con par\u00e1lisis cerebral y re\u00adsidencia permanente para 36 de ellas.<\/p><p>Partiendo de estas restricciones, encontramos las soluciones y las ideas clave de la propuesta. Aprovechando as\u00ed, las dife\u00adrencias de alturas para crear accesos a cota de calle en cada planta y los dos solares se han conectado por un paso ente\u00adrrado bajo la escalera.<\/p><p>El elemento que \u201ccose\u201d espacialmente todo el proyecto es la rampa exterior, que desde el parque conecta los tres niveles-usos del edificio; ciudad -centro de d\u00eda -vivienda. M\u00e1s all\u00e1 de su funci\u00f3n como acceso principal, la rampa act\u00faa como un recorrido accesible, visible y simb\u00f3lico, que integra al usua\u00adrio en el paisaje urbano de forma natural y sin jerarqu\u00edas.<\/p><p>La intenci\u00f3n de resolver las diferencias de desnivel y la conti\u00adnuidad del proyecto se expresa tambi\u00e9n pl\u00e1sticamente con la cubierta, que acompa\u00f1a la topograf\u00eda de la parcela. Se plan\u00adtea del mismo material de la fachada, piedra caliza, decisi\u00f3n que enfatiza la operaci\u00f3n de \u201cedificio-alfombra\u201d y que resulta coherente con un entorno formado por edificios de mayor altura, desde los que se percibir\u00e1 como una quinta fachada.<\/p><p>Se proponen tres espacios libres separados para diferenciar las actividades de los usuari@s. Uno elevado sobre la calle lateral, proporcionando intimidad, y orientado al sur, para la zona de residencia. Otro, dividido por la escalera, orientado al este que corresponde a la zona de d\u00eda. El tercer patio, de mayor tama\u00f1o y tambi\u00e9n orientado a sur es utilizado como patio principal. Los jardines orientados a este y a sur, se aso\u00adman al parque p\u00fablico, apropi\u00e1ndose de \u00e9l. El parque, que a priori divid\u00eda el edificio en dos, se convierte en espacio uni\u00adficador y de relaci\u00f3n, no solo de las dos partes del proyecto entre s\u00ed, sino de los residentes con la propia ciudad.<\/p>\t\t\t\t\t\t\t\t<\/div>\n\t\t\t\t<\/div>\n\t\t\t\t\t<\/div>\n\t\t<\/div>\n\t\t\t\t\t<\/div>\n\t\t<\/section>\n\t\t\t\t<section class=\"elementor-section elementor-top-section elementor-element elementor-element-0590f5d elementor-section-boxed elementor-section-height-default elementor-section-height-default\" data-id=\"0590f5d\" data-element_type=\"section\">\n\t\t\t\t\t\t<div class=\"elementor-container elementor-column-gap-default\">\n\t\t\t\t\t<div class=\"elementor-column elementor-col-100 elementor-top-column elementor-element elementor-element-ccf3017\" data-id=\"ccf3017\" data-element_type=\"column\">\n\t\t\t<div class=\"elementor-widget-wrap elementor-element-populated\">\n\t\t\t\t\t\t<div class=\"elementor-element elementor-element-e48db8f elementor-widget elementor-widget-heading\" data-id=\"e48db8f\" data-element_type=\"widget\" data-widget_type=\"heading.default\">\n\t\t\t\t<div class=\"elementor-widget-container\">\n\t\t\t\t\t<h2 class=\"elementor-heading-title elementor-size-default\">Premios y publicaciones<\/h2>\t\t\t\t<\/div>\n\t\t\t\t<\/div>\n\t\t\t\t<div class=\"elementor-element elementor-element-e283840 elementor-icon-list--layout-traditional elementor-list-item-link-full_width elementor-widget elementor-widget-icon-list\" data-id=\"e283840\" data-element_type=\"widget\" data-widget_type=\"icon-list.default\">\n\t\t\t\t<div class=\"elementor-widget-container\">\n\t\t\t\t\t\t\t<ul class=\"elementor-icon-list-items\">\n\t\t\t\t\t\t\t<li class=\"elementor-icon-list-item\">\n\t\t\t\t\t\t\t\t\t\t\t<span class=\"elementor-icon-list-icon\">\n\t\t\t\t\t\t\t<i aria-hidden=\"true\" class=\"fas fa-award\"><\/i>\t\t\t\t\t\t<\/span>\n\t\t\t\t\t\t\t\t\t\t<span class=\"elementor-icon-list-text\">Finalista del Premio de la Fundaci\u00f3n Salas para la Accesibilidad 2006<\/span>\n\t\t\t\t\t\t\t\t\t<\/li>\n\t\t\t\t\t\t\t\t<li class=\"elementor-icon-list-item\">\n\t\t\t\t\t\t\t\t\t\t\t<span class=\"elementor-icon-list-icon\">\n\t\t\t\t\t\t\t<i aria-hidden=\"true\" class=\"fas fa-book\"><\/i>\t\t\t\t\t\t<\/span>\n\t\t\t\t\t\t\t\t\t\t<span class=\"elementor-icon-list-text\">Roc M\u00e1quina n\u00ba 115 (p\u00e1g.30-35)<\/span>\n\t\t\t\t\t\t\t\t\t<\/li>\n\t\t\t\t\t\t<\/ul>\n\t\t\t\t\t\t<\/div>\n\t\t\t\t<\/div>\n\t\t\t\t\t<\/div>\n\t\t<\/div>\n\t\t\t\t\t<\/div>\n\t\t<\/section>\n\t\t\t\t<section class=\"elementor-section elementor-top-section elementor-element elementor-element-59681be elementor-section-boxed elementor-section-height-default elementor-section-height-default\" data-id=\"59681be\" data-element_type=\"section\">\n\t\t\t\t\t\t<div class=\"elementor-container elementor-column-gap-default\">\n\t\t\t\t\t<div class=\"elementor-column elementor-col-100 elementor-top-column elementor-element elementor-element-e434a91\" data-id=\"e434a91\" data-element_type=\"column\">\n\t\t\t<div class=\"elementor-widget-wrap elementor-element-populated\">\n\t\t\t\t\t\t<div class=\"elementor-element elementor-element-949ce2c elementor-widget elementor-widget-gallery\" data-id=\"949ce2c\" data-element_type=\"widget\" data-settings=\"{&quot;gallery_layout&quot;:&quot;justified&quot;,&quot;ideal_row_height&quot;:{&quot;unit&quot;:&quot;px&quot;,&quot;size&quot;:600,&quot;sizes&quot;:[]},&quot;ideal_row_height_tablet&quot;:{&quot;unit&quot;:&quot;px&quot;,&quot;size&quot;:300,&quot;sizes&quot;:[]},&quot;ideal_row_height_mobile&quot;:{&quot;unit&quot;:&quot;px&quot;,&quot;size&quot;:300,&quot;sizes&quot;:[]},&quot;lazyload&quot;:&quot;yes&quot;,&quot;gap&quot;:{&quot;unit&quot;:&quot;px&quot;,&quot;size&quot;:10,&quot;sizes&quot;:[]},&quot;gap_tablet&quot;:{&quot;unit&quot;:&quot;px&quot;,&quot;size&quot;:10,&quot;sizes&quot;:[]},&quot;gap_mobile&quot;:{&quot;unit&quot;:&quot;px&quot;,&quot;size&quot;:10,&quot;sizes&quot;:[]},&quot;link_to&quot;:&quot;file&quot;,&quot;overlay_background&quot;:&quot;yes&quot;,&quot;content_hover_animation&quot;:&quot;fade-in&quot;}\" data-widget_type=\"gallery.default\">\n\t\t\t\t<div class=\"elementor-widget-container\">\n\t\t\t\t\t\t\t<div class=\"elementor-gallery__container\">\n\t\t\t\t\t\t\t<a class=\"e-gallery-item elementor-gallery-item elementor-animated-content\" href=\"https:\/\/www.delapuerta.com\/paratodaslaspersonas\/wp-content\/uploads\/2025\/10\/proyecto6-C-scaled.jpg\" data-elementor-open-lightbox=\"yes\" data-elementor-lightbox-slideshow=\"949ce2c\" data-elementor-lightbox-title=\"proyecto6-C\" data-e-action-hash=\"#elementor-action%3Aaction%3Dlightbox%26settings%3DeyJpZCI6NjUwLCJ1cmwiOiJodHRwczpcL1wvd3d3LmRlbGFwdWVydGEuY29tXC9wYXJhdG9kYXNsYXNwZXJzb25hc1wvd3AtY29udGVudFwvdXBsb2Fkc1wvMjAyNVwvMTBcL3Byb3llY3RvNi1DLXNjYWxlZC5qcGciLCJzbGlkZXNob3ciOiI5NDljZTJjIn0%3D\">\n\t\t\t\t\t<div class=\"e-gallery-image elementor-gallery-item__image\" data-thumbnail=\"https:\/\/www.delapuerta.com\/paratodaslaspersonas\/wp-content\/uploads\/2025\/10\/proyecto6-C-1024x683.jpg\" data-width=\"800\" data-height=\"534\" aria-label=\"\" role=\"img\" ><\/div>\n\t\t\t\t\t\t\t\t\t\t\t<div class=\"elementor-gallery-item__overlay\"><\/div>\n\t\t\t\t\t\t\t\t\t\t\t\t\t\t<\/a>\n\t\t\t\t\t\t\t<a class=\"e-gallery-item elementor-gallery-item elementor-animated-content\" href=\"https:\/\/www.delapuerta.com\/paratodaslaspersonas\/wp-content\/uploads\/2025\/10\/proyecto6-A.jpg\" data-elementor-open-lightbox=\"yes\" data-elementor-lightbox-slideshow=\"949ce2c\" data-elementor-lightbox-title=\"proyecto6-A\" data-e-action-hash=\"#elementor-action%3Aaction%3Dlightbox%26settings%3DeyJpZCI6NjQ4LCJ1cmwiOiJodHRwczpcL1wvd3d3LmRlbGFwdWVydGEuY29tXC9wYXJhdG9kYXNsYXNwZXJzb25hc1wvd3AtY29udGVudFwvdXBsb2Fkc1wvMjAyNVwvMTBcL3Byb3llY3RvNi1BLmpwZyIsInNsaWRlc2hvdyI6Ijk0OWNlMmMifQ%3D%3D\">\n\t\t\t\t\t<div class=\"e-gallery-image elementor-gallery-item__image\" data-thumbnail=\"https:\/\/www.delapuerta.com\/paratodaslaspersonas\/wp-content\/uploads\/2025\/10\/proyecto6-A-1024x683.jpg\" data-width=\"800\" data-height=\"534\" aria-label=\"\" role=\"img\" ><\/div>\n\t\t\t\t\t\t\t\t\t\t\t<div class=\"elementor-gallery-item__overlay\"><\/div>\n\t\t\t\t\t\t\t\t\t\t\t\t\t\t<\/a>\n\t\t\t\t\t\t\t<a class=\"e-gallery-item elementor-gallery-item elementor-animated-content\" href=\"https:\/\/www.delapuerta.com\/paratodaslaspersonas\/wp-content\/uploads\/2025\/10\/proyecto6-B.jpg\" data-elementor-open-lightbox=\"yes\" data-elementor-lightbox-slideshow=\"949ce2c\" data-elementor-lightbox-title=\"proyecto6-B\" data-e-action-hash=\"#elementor-action%3Aaction%3Dlightbox%26settings%3DeyJpZCI6NjQ5LCJ1cmwiOiJodHRwczpcL1wvd3d3LmRlbGFwdWVydGEuY29tXC9wYXJhdG9kYXNsYXNwZXJzb25hc1wvd3AtY29udGVudFwvdXBsb2Fkc1wvMjAyNVwvMTBcL3Byb3llY3RvNi1CLmpwZyIsInNsaWRlc2hvdyI6Ijk0OWNlMmMifQ%3D%3D\">\n\t\t\t\t\t<div class=\"e-gallery-image elementor-gallery-item__image\" data-thumbnail=\"https:\/\/www.delapuerta.com\/paratodaslaspersonas\/wp-content\/uploads\/2025\/10\/proyecto6-B-1024x683.jpg\" data-width=\"800\" data-height=\"534\" aria-label=\"\" role=\"img\" ><\/div>\n\t\t\t\t\t\t\t\t\t\t\t<div class=\"elementor-gallery-item__overlay\"><\/div>\n\t\t\t\t\t\t\t\t\t\t\t\t\t\t<\/a>\n\t\t\t\t\t\t\t<a class=\"e-gallery-item elementor-gallery-item elementor-animated-content\" href=\"https:\/\/www.delapuerta.com\/paratodaslaspersonas\/wp-content\/uploads\/2025\/10\/proyecto6-D-scaled.jpg\" data-elementor-open-lightbox=\"yes\" data-elementor-lightbox-slideshow=\"949ce2c\" data-elementor-lightbox-title=\"proyecto6-D\" data-e-action-hash=\"#elementor-action%3Aaction%3Dlightbox%26settings%3DeyJpZCI6NjUxLCJ1cmwiOiJodHRwczpcL1wvd3d3LmRlbGFwdWVydGEuY29tXC9wYXJhdG9kYXNsYXNwZXJzb25hc1wvd3AtY29udGVudFwvdXBsb2Fkc1wvMjAyNVwvMTBcL3Byb3llY3RvNi1ELXNjYWxlZC5qcGciLCJzbGlkZXNob3ciOiI5NDljZTJjIn0%3D\">\n\t\t\t\t\t<div class=\"e-gallery-image elementor-gallery-item__image\" data-thumbnail=\"https:\/\/www.delapuerta.com\/paratodaslaspersonas\/wp-content\/uploads\/2025\/10\/proyecto6-D-724x1024.jpg\" data-width=\"724\" data-height=\"1024\" aria-label=\"\" role=\"img\" ><\/div>\n\t\t\t\t\t\t\t\t\t\t\t<div class=\"elementor-gallery-item__overlay\"><\/div>\n\t\t\t\t\t\t\t\t\t\t\t\t\t\t<\/a>\n\t\t\t\t\t\t\t<a class=\"e-gallery-item elementor-gallery-item elementor-animated-content\" href=\"https:\/\/www.delapuerta.com\/paratodaslaspersonas\/wp-content\/uploads\/2025\/10\/proyecto6-E-scaled.jpg\" data-elementor-open-lightbox=\"yes\" data-elementor-lightbox-slideshow=\"949ce2c\" data-elementor-lightbox-title=\"proyecto6-E\" data-e-action-hash=\"#elementor-action%3Aaction%3Dlightbox%26settings%3DeyJpZCI6NjUyLCJ1cmwiOiJodHRwczpcL1wvd3d3LmRlbGFwdWVydGEuY29tXC9wYXJhdG9kYXNsYXNwZXJzb25hc1wvd3AtY29udGVudFwvdXBsb2Fkc1wvMjAyNVwvMTBcL3Byb3llY3RvNi1FLXNjYWxlZC5qcGciLCJzbGlkZXNob3ciOiI5NDljZTJjIn0%3D\">\n\t\t\t\t\t<div class=\"e-gallery-image elementor-gallery-item__image\" data-thumbnail=\"https:\/\/www.delapuerta.com\/paratodaslaspersonas\/wp-content\/uploads\/2025\/10\/proyecto6-E-683x1024.jpg\" data-width=\"683\" data-height=\"1024\" aria-label=\"\" role=\"img\" ><\/div>\n\t\t\t\t\t\t\t\t\t\t\t<div class=\"elementor-gallery-item__overlay\"><\/div>\n\t\t\t\t\t\t\t\t\t\t\t\t\t\t<\/a>\n\t\t\t\t\t\t\t<a class=\"e-gallery-item elementor-gallery-item elementor-animated-content\" href=\"https:\/\/www.delapuerta.com\/paratodaslaspersonas\/wp-content\/uploads\/2025\/10\/proyecto6-0-scaled.jpg\" data-elementor-open-lightbox=\"yes\" data-elementor-lightbox-slideshow=\"949ce2c\" data-elementor-lightbox-title=\"proyecto6-0\" data-e-action-hash=\"#elementor-action%3Aaction%3Dlightbox%26settings%3DeyJpZCI6NjQ2LCJ1cmwiOiJodHRwczpcL1wvd3d3LmRlbGFwdWVydGEuY29tXC9wYXJhdG9kYXNsYXNwZXJzb25hc1wvd3AtY29udGVudFwvdXBsb2Fkc1wvMjAyNVwvMTBcL3Byb3llY3RvNi0wLXNjYWxlZC5qcGciLCJzbGlkZXNob3ciOiI5NDljZTJjIn0%3D\">\n\t\t\t\t\t<div class=\"e-gallery-image elementor-gallery-item__image\" data-thumbnail=\"https:\/\/www.delapuerta.com\/paratodaslaspersonas\/wp-content\/uploads\/2025\/10\/proyecto6-0-1024x1024.jpg\" data-width=\"800\" data-height=\"800\" aria-label=\"\" role=\"img\" ><\/div>\n\t\t\t\t\t\t\t\t\t\t\t<div class=\"elementor-gallery-item__overlay\"><\/div>\n\t\t\t\t\t\t\t\t\t\t\t\t\t\t<\/a>\n\t\t\t\t\t<\/div>\n\t\t\t\t\t<\/div>\n\t\t\t\t<\/div>\n\t\t\t\t\t<\/div>\n\t\t<\/div>\n\t\t\t\t\t<\/div>\n\t\t<\/section>\n\t\t\t\t<section class=\"elementor-section elementor-top-section elementor-element elementor-element-8b57562 elementor-section-boxed elementor-section-height-default elementor-section-height-default\" data-id=\"8b57562\" data-element_type=\"section\">\n\t\t\t\t\t\t<div class=\"elementor-container elementor-column-gap-default\">\n\t\t\t\t\t<div class=\"elementor-column elementor-col-100 elementor-top-column elementor-element elementor-element-f96e31e\" data-id=\"f96e31e\" data-element_type=\"column\">\n\t\t\t<div class=\"elementor-widget-wrap elementor-element-populated\">\n\t\t\t\t\t\t<div class=\"elementor-element elementor-element-123bcd0 comillas elementor-widget elementor-widget-heading\" data-id=\"123bcd0\" data-element_type=\"widget\" data-widget_type=\"heading.default\">\n\t\t\t\t<div class=\"elementor-widget-container\">\n\t\t\t\t\t<div class=\"elementor-heading-title elementor-size-default\">Las dificultades de acceso y topograf\u00eda del solar son aprovechadas por un edificio que se inclina y se pliega mejorando usos y accesos<\/div>\t\t\t\t<\/div>\n\t\t\t\t<\/div>\n\t\t\t\t\t<\/div>\n\t\t<\/div>\n\t\t\t\t\t<\/div>\n\t\t<\/section>\n\t\t\t\t<\/div>\n\t\t","protected":false},"excerpt":{"rendered":"<p>&lt;&lt; Volver Residencia y centro de d\u00eda para personas afectadas de par\u00e1lisis cerebral ASPACE, SALAMANCA, 2004 Dos vol\u00famenes en forma de L que rodea un parque urbano dan lugar a la residencia y al centro de d\u00eda. Nos enfrentamos a dos fuertes condicionantes en este proyecto. Por un lado, conseguir dar coherencia y unidad a [&hellip;]<\/p>\n","protected":false},"author":2,"featured_media":0,"parent":0,"menu_order":0,"comment_status":"closed","ping_status":"closed","template":"","meta":{"_acf_changed":false,"footnotes":""},"class_list":["post-643","page","type-page","status-publish","hentry"],"acf":[],"_links":{"self":[{"href":"https:\/\/www.delapuerta.com\/paratodaslaspersonas\/wp-json\/wp\/v2\/pages\/643","targetHints":{"allow":["GET"]}}],"collection":[{"href":"https:\/\/www.delapuerta.com\/paratodaslaspersonas\/wp-json\/wp\/v2\/pages"}],"about":[{"href":"https:\/\/www.delapuerta.com\/paratodaslaspersonas\/wp-json\/wp\/v2\/types\/page"}],"author":[{"embeddable":true,"href":"https:\/\/www.delapuerta.com\/paratodaslaspersonas\/wp-json\/wp\/v2\/users\/2"}],"replies":[{"embeddable":true,"href":"https:\/\/www.delapuerta.com\/paratodaslaspersonas\/wp-json\/wp\/v2\/comments?post=643"}],"version-history":[{"count":10,"href":"https:\/\/www.delapuerta.com\/paratodaslaspersonas\/wp-json\/wp\/v2\/pages\/643\/revisions"}],"predecessor-version":[{"id":792,"href":"https:\/\/www.delapuerta.com\/paratodaslaspersonas\/wp-json\/wp\/v2\/pages\/643\/revisions\/792"}],"wp:attachment":[{"href":"https:\/\/www.delapuerta.com\/paratodaslaspersonas\/wp-json\/wp\/v2\/media?parent=643"}],"curies":[{"name":"wp","href":"https:\/\/api.w.org\/{rel}","templated":true}]}}