{"id":591,"date":"2025-10-14T10:56:02","date_gmt":"2025-10-14T10:56:02","guid":{"rendered":"https:\/\/www.delapuerta.com\/paratodaslaspersonas\/?page_id=591"},"modified":"2025-10-14T12:45:26","modified_gmt":"2025-10-14T12:45:26","slug":"asprosub-morales-del-vino","status":"publish","type":"page","link":"https:\/\/www.delapuerta.com\/paratodaslaspersonas\/asprosub-morales-del-vino\/","title":{"rendered":"Residencia y centro de d\u00eda, ASPROSUB, MORALES DEL VINO, 1995"},"content":{"rendered":"\t\t<div data-elementor-type=\"wp-page\" data-elementor-id=\"591\" class=\"elementor elementor-591\" data-elementor-post-type=\"page\">\n\t\t\t\t\t\t<section class=\"elementor-section elementor-top-section elementor-element elementor-element-5c15c74 elementor-section-boxed elementor-section-height-default elementor-section-height-default\" data-id=\"5c15c74\" data-element_type=\"section\">\n\t\t\t\t\t\t<div class=\"elementor-container elementor-column-gap-default\">\n\t\t\t\t\t<div class=\"elementor-column elementor-col-100 elementor-top-column elementor-element elementor-element-4903420\" data-id=\"4903420\" data-element_type=\"column\">\n\t\t\t<div class=\"elementor-widget-wrap elementor-element-populated\">\n\t\t\t\t\t\t<div class=\"elementor-element elementor-element-48449b8 elementor-align-left elementor-widget elementor-widget-button\" data-id=\"48449b8\" data-element_type=\"widget\" data-widget_type=\"button.default\">\n\t\t\t\t<div class=\"elementor-widget-container\">\n\t\t\t\t\t\t\t\t\t<div class=\"elementor-button-wrapper\">\n\t\t\t\t\t<a class=\"elementor-button elementor-button-link elementor-size-sm\" href=\"https:\/\/www.delapuerta.com\/paratodaslaspersonas\/#proyectos\">\n\t\t\t\t\t\t<span class=\"elementor-button-content-wrapper\">\n\t\t\t\t\t\t\t\t\t<span class=\"elementor-button-text\">&lt;&lt; Volver<\/span>\n\t\t\t\t\t<\/span>\n\t\t\t\t\t<\/a>\n\t\t\t\t<\/div>\n\t\t\t\t\t\t\t\t<\/div>\n\t\t\t\t<\/div>\n\t\t\t\t\t<\/div>\n\t\t<\/div>\n\t\t\t\t\t<\/div>\n\t\t<\/section>\n\t\t\t\t<section class=\"elementor-section elementor-top-section elementor-element elementor-element-292d9d1 elementor-section-boxed elementor-section-height-default elementor-section-height-default\" data-id=\"292d9d1\" data-element_type=\"section\">\n\t\t\t\t\t\t<div class=\"elementor-container elementor-column-gap-default\">\n\t\t\t\t\t<div class=\"elementor-column elementor-col-100 elementor-top-column elementor-element elementor-element-ee978ce\" data-id=\"ee978ce\" data-element_type=\"column\">\n\t\t\t<div class=\"elementor-widget-wrap elementor-element-populated\">\n\t\t\t\t\t\t<div class=\"elementor-element elementor-element-eedecde elementor-widget elementor-widget-heading\" data-id=\"eedecde\" data-element_type=\"widget\" data-widget_type=\"heading.default\">\n\t\t\t\t<div class=\"elementor-widget-container\">\n\t\t\t\t\t<h1 class=\"elementor-heading-title elementor-size-default\">Residencia y centro de d\u00eda<\/h1>\t\t\t\t<\/div>\n\t\t\t\t<\/div>\n\t\t\t\t<div class=\"elementor-element elementor-element-1d015bf elementor-widget elementor-widget-heading\" data-id=\"1d015bf\" data-element_type=\"widget\" data-widget_type=\"heading.default\">\n\t\t\t\t<div class=\"elementor-widget-container\">\n\t\t\t\t\t<div class=\"elementor-heading-title elementor-size-default\">ASPROSUB, MORALES DEL VINO, 1995<\/div>\t\t\t\t<\/div>\n\t\t\t\t<\/div>\n\t\t\t\t<div class=\"elementor-element elementor-element-10fce259 elementor-widget elementor-widget-text-editor\" data-id=\"10fce259\" data-element_type=\"widget\" data-widget_type=\"text-editor.default\">\n\t\t\t\t<div class=\"elementor-widget-container\">\n\t\t\t\t\t\t\t\t\t<p>Un conjunto de vol\u00famenes que trabajan con autonom\u00eda for\u00adma el edificio. Se trata de una residencia para 38 residentes y una zona de d\u00eda para 75 personas, que incluye a aquellas que duermen en residencia y un n\u00famero similar de externas.<\/p><p>Formalmente, la separaci\u00f3n de usos se manifiesta por la orientaci\u00f3n de las diferentes zonas; por un lado, el comedor, la sala de ocio y el centro de d\u00eda, orientado al Sur abierto al jard\u00edn con acceso continuo a luz natural; por otro lado, la re\u00adsidencia al Este y Oeste; mientras la zona de oficinas a modo de cu\u00f1a se sit\u00faa entre ambas, orientada al Norte, junto al ac\u00adceso desde la carretera.<\/p><p>Dado que el terreno tiene un desnivel aproximado de cuatro metros, se aprovecha el rellano de las rampas para situar el acceso del Centro de d\u00eda, mientras que el acceso principal se encuentra en la zona de oficinas de planta baja, en el cora\u00adz\u00f3n del edificio, estableciendo una llegada clara y acogedo\u00adra. Por \u00faltimo, el garaje y acceso de mercanc\u00edas se trasladan al nivel inferior. De esta forma se produce una gradaci\u00f3n de usos y comunicaciones seg\u00fan los niveles, mejorando la ac\u00adcesibilidad y reduce interferencias de flujos.<\/p><p>En cuanto a la imagen del edificio, la fachada del Centro de d\u00eda es de piedra de Campaspero y la cubierta es una gran losa de hormig\u00f3n en la que se dej\u00f3 como acabado el propio tablero de encofrar sobre una corona de vidrio que respeta la inclinaci\u00f3n de la rampa y la del propio terreno. Al sur vuela proporcionalmente a lo que se levanta. La fachada, techo y estructuras de las oficinas son totalmente de madera, bus\u00adcando la calidez para padres y usuarios en el primer encuen\u00adtro con el edificio, con alturas de tabiques de 2 metros, lo que permite ver enteramente su geometr\u00eda.<\/p><p>Por \u00faltimo, el edificio de Residencia mantiene el orden rigu\u00adroso de las habitaciones, acentuado con la modulaci\u00f3n de la f\u00e1brica de ladrillo y la cubierta plana. El color en maderas exteriores enmarca las vistas en las peque\u00f1as ventanas, per\u00admite diferenciar zonas, ayudando as\u00ed a los residentes a reco\u00adnocer espacios y a construir una relaci\u00f3n m\u00e1s intuitiva con su entorno.<\/p>\t\t\t\t\t\t\t\t<\/div>\n\t\t\t\t<\/div>\n\t\t\t\t\t<\/div>\n\t\t<\/div>\n\t\t\t\t\t<\/div>\n\t\t<\/section>\n\t\t\t\t<section class=\"elementor-section elementor-top-section elementor-element elementor-element-0590f5d elementor-section-boxed elementor-section-height-default elementor-section-height-default\" data-id=\"0590f5d\" data-element_type=\"section\">\n\t\t\t\t\t\t<div class=\"elementor-container elementor-column-gap-default\">\n\t\t\t\t\t<div class=\"elementor-column elementor-col-100 elementor-top-column elementor-element elementor-element-ccf3017\" data-id=\"ccf3017\" data-element_type=\"column\">\n\t\t\t<div class=\"elementor-widget-wrap elementor-element-populated\">\n\t\t\t\t\t\t<div class=\"elementor-element elementor-element-e48db8f elementor-widget elementor-widget-heading\" data-id=\"e48db8f\" data-element_type=\"widget\" data-widget_type=\"heading.default\">\n\t\t\t\t<div class=\"elementor-widget-container\">\n\t\t\t\t\t<h2 class=\"elementor-heading-title elementor-size-default\">Premios y publicaciones<\/h2>\t\t\t\t<\/div>\n\t\t\t\t<\/div>\n\t\t\t\t<div class=\"elementor-element elementor-element-e283840 elementor-icon-list--layout-traditional elementor-list-item-link-full_width elementor-widget elementor-widget-icon-list\" data-id=\"e283840\" data-element_type=\"widget\" data-widget_type=\"icon-list.default\">\n\t\t\t\t<div class=\"elementor-widget-container\">\n\t\t\t\t\t\t\t<ul class=\"elementor-icon-list-items\">\n\t\t\t\t\t\t\t<li class=\"elementor-icon-list-item\">\n\t\t\t\t\t\t\t\t\t\t\t<span class=\"elementor-icon-list-icon\">\n\t\t\t\t\t\t\t<i aria-hidden=\"true\" class=\"fas fa-award\"><\/i>\t\t\t\t\t\t<\/span>\n\t\t\t\t\t\t\t\t\t\t<span class=\"elementor-icon-list-text\">Premios de Arquitectura del Consejo Auton\u00f3mico de Castilla y Le\u00f3n (1994-95)<\/span>\n\t\t\t\t\t\t\t\t\t<\/li>\n\t\t\t\t\t\t\t\t<li class=\"elementor-icon-list-item\">\n\t\t\t\t\t\t\t\t\t\t\t<span class=\"elementor-icon-list-icon\">\n\t\t\t\t\t\t\t<i aria-hidden=\"true\" class=\"fas fa-book\"><\/i>\t\t\t\t\t\t<\/span>\n\t\t\t\t\t\t\t\t\t\t<span class=\"elementor-icon-list-text\">Arquitectura Viva n\u00ba 46 (p\u00e1g.32)<\/span>\n\t\t\t\t\t\t\t\t\t<\/li>\n\t\t\t\t\t\t\t\t<li class=\"elementor-icon-list-item\">\n\t\t\t\t\t\t\t\t\t\t\t<span class=\"elementor-icon-list-icon\">\n\t\t\t\t\t\t\t<i aria-hidden=\"true\" class=\"fas fa-book\"><\/i>\t\t\t\t\t\t<\/span>\n\t\t\t\t\t\t\t\t\t\t<span class=\"elementor-icon-list-text\">Cat\u00e1logo del Premio de arquitectura de Castilla y Le\u00f3n (p\u00e1gs. 27 y 28)<\/span>\n\t\t\t\t\t\t\t\t\t<\/li>\n\t\t\t\t\t\t\t\t<li class=\"elementor-icon-list-item\">\n\t\t\t\t\t\t\t\t\t\t\t<span class=\"elementor-icon-list-icon\">\n\t\t\t\t\t\t\t<i aria-hidden=\"true\" class=\"fas fa-book\"><\/i>\t\t\t\t\t\t<\/span>\n\t\t\t\t\t\t\t\t\t\t<span class=\"elementor-icon-list-text\">\u201cEl Correo\u201d (art\u00edculo de opini\u00f3n en el peri\u00f3dico de Zamora 24-10-99 del arq. Angel Casaseca p\u00e1g.8)<\/span>\n\t\t\t\t\t\t\t\t\t<\/li>\n\t\t\t\t\t\t\t\t<li class=\"elementor-icon-list-item\">\n\t\t\t\t\t\t\t\t\t\t\t<span class=\"elementor-icon-list-icon\">\n\t\t\t\t\t\t\t<i aria-hidden=\"true\" class=\"fas fa-book\"><\/i>\t\t\t\t\t\t<\/span>\n\t\t\t\t\t\t\t\t\t\t<span class=\"elementor-icon-list-text\">Informes de la construcci\u00f3n (p\u00e1g. 67- 72)<\/span>\n\t\t\t\t\t\t\t\t\t<\/li>\n\t\t\t\t\t\t<\/ul>\n\t\t\t\t\t\t<\/div>\n\t\t\t\t<\/div>\n\t\t\t\t\t<\/div>\n\t\t<\/div>\n\t\t\t\t\t<\/div>\n\t\t<\/section>\n\t\t\t\t<section class=\"elementor-section elementor-top-section elementor-element elementor-element-59681be elementor-section-boxed elementor-section-height-default elementor-section-height-default\" data-id=\"59681be\" data-element_type=\"section\">\n\t\t\t\t\t\t<div class=\"elementor-container elementor-column-gap-default\">\n\t\t\t\t\t<div class=\"elementor-column elementor-col-100 elementor-top-column elementor-element elementor-element-e434a91\" data-id=\"e434a91\" data-element_type=\"column\">\n\t\t\t<div class=\"elementor-widget-wrap elementor-element-populated\">\n\t\t\t\t\t\t<div class=\"elementor-element elementor-element-949ce2c elementor-widget elementor-widget-gallery\" data-id=\"949ce2c\" data-element_type=\"widget\" data-settings=\"{&quot;gallery_layout&quot;:&quot;justified&quot;,&quot;ideal_row_height&quot;:{&quot;unit&quot;:&quot;px&quot;,&quot;size&quot;:600,&quot;sizes&quot;:[]},&quot;ideal_row_height_tablet&quot;:{&quot;unit&quot;:&quot;px&quot;,&quot;size&quot;:300,&quot;sizes&quot;:[]},&quot;ideal_row_height_mobile&quot;:{&quot;unit&quot;:&quot;px&quot;,&quot;size&quot;:300,&quot;sizes&quot;:[]},&quot;lazyload&quot;:&quot;yes&quot;,&quot;gap&quot;:{&quot;unit&quot;:&quot;px&quot;,&quot;size&quot;:10,&quot;sizes&quot;:[]},&quot;gap_tablet&quot;:{&quot;unit&quot;:&quot;px&quot;,&quot;size&quot;:10,&quot;sizes&quot;:[]},&quot;gap_mobile&quot;:{&quot;unit&quot;:&quot;px&quot;,&quot;size&quot;:10,&quot;sizes&quot;:[]},&quot;link_to&quot;:&quot;file&quot;,&quot;overlay_background&quot;:&quot;yes&quot;,&quot;content_hover_animation&quot;:&quot;fade-in&quot;}\" data-widget_type=\"gallery.default\">\n\t\t\t\t<div class=\"elementor-widget-container\">\n\t\t\t\t\t\t\t<div class=\"elementor-gallery__container\">\n\t\t\t\t\t\t\t<a class=\"e-gallery-item elementor-gallery-item elementor-animated-content\" href=\"https:\/\/www.delapuerta.com\/paratodaslaspersonas\/wp-content\/uploads\/2025\/10\/proyecto4-C.png\" data-elementor-open-lightbox=\"yes\" data-elementor-lightbox-slideshow=\"949ce2c\" data-elementor-lightbox-title=\"proyecto4-C\" data-e-action-hash=\"#elementor-action%3Aaction%3Dlightbox%26settings%3DeyJpZCI6NTk3LCJ1cmwiOiJodHRwczpcL1wvd3d3LmRlbGFwdWVydGEuY29tXC9wYXJhdG9kYXNsYXNwZXJzb25hc1wvd3AtY29udGVudFwvdXBsb2Fkc1wvMjAyNVwvMTBcL3Byb3llY3RvNC1DLnBuZyIsInNsaWRlc2hvdyI6Ijk0OWNlMmMifQ%3D%3D\">\n\t\t\t\t\t<div class=\"e-gallery-image elementor-gallery-item__image\" data-thumbnail=\"https:\/\/www.delapuerta.com\/paratodaslaspersonas\/wp-content\/uploads\/2025\/10\/proyecto4-C-1024x773.png\" data-width=\"800\" data-height=\"604\" aria-label=\"\" role=\"img\" ><\/div>\n\t\t\t\t\t\t\t\t\t\t\t<div class=\"elementor-gallery-item__overlay\"><\/div>\n\t\t\t\t\t\t\t\t\t\t\t\t\t\t<\/a>\n\t\t\t\t\t\t\t<a class=\"e-gallery-item elementor-gallery-item elementor-animated-content\" href=\"https:\/\/www.delapuerta.com\/paratodaslaspersonas\/wp-content\/uploads\/2025\/10\/proyecto4-B-scaled.jpg\" data-elementor-open-lightbox=\"yes\" data-elementor-lightbox-slideshow=\"949ce2c\" data-elementor-lightbox-title=\"proyecto4-B\" data-e-action-hash=\"#elementor-action%3Aaction%3Dlightbox%26settings%3DeyJpZCI6NjAyLCJ1cmwiOiJodHRwczpcL1wvd3d3LmRlbGFwdWVydGEuY29tXC9wYXJhdG9kYXNsYXNwZXJzb25hc1wvd3AtY29udGVudFwvdXBsb2Fkc1wvMjAyNVwvMTBcL3Byb3llY3RvNC1CLXNjYWxlZC5qcGciLCJzbGlkZXNob3ciOiI5NDljZTJjIn0%3D\">\n\t\t\t\t\t<div class=\"e-gallery-image elementor-gallery-item__image\" data-thumbnail=\"https:\/\/www.delapuerta.com\/paratodaslaspersonas\/wp-content\/uploads\/2025\/10\/proyecto4-B-1024x683.jpg\" data-width=\"800\" data-height=\"534\" aria-label=\"\" role=\"img\" ><\/div>\n\t\t\t\t\t\t\t\t\t\t\t<div class=\"elementor-gallery-item__overlay\"><\/div>\n\t\t\t\t\t\t\t\t\t\t\t\t\t\t<\/a>\n\t\t\t\t\t\t\t<a class=\"e-gallery-item elementor-gallery-item elementor-animated-content\" href=\"https:\/\/www.delapuerta.com\/paratodaslaspersonas\/wp-content\/uploads\/2025\/10\/proyecto4-A.jpg\" data-elementor-open-lightbox=\"yes\" data-elementor-lightbox-slideshow=\"949ce2c\" data-elementor-lightbox-title=\"proyecto4-A\" data-e-action-hash=\"#elementor-action%3Aaction%3Dlightbox%26settings%3DeyJpZCI6NjAxLCJ1cmwiOiJodHRwczpcL1wvd3d3LmRlbGFwdWVydGEuY29tXC9wYXJhdG9kYXNsYXNwZXJzb25hc1wvd3AtY29udGVudFwvdXBsb2Fkc1wvMjAyNVwvMTBcL3Byb3llY3RvNC1BLmpwZyIsInNsaWRlc2hvdyI6Ijk0OWNlMmMifQ%3D%3D\">\n\t\t\t\t\t<div class=\"e-gallery-image elementor-gallery-item__image\" data-thumbnail=\"https:\/\/www.delapuerta.com\/paratodaslaspersonas\/wp-content\/uploads\/2025\/10\/proyecto4-A-1024x752.jpg\" data-width=\"800\" data-height=\"588\" aria-label=\"\" role=\"img\" ><\/div>\n\t\t\t\t\t\t\t\t\t\t\t<div class=\"elementor-gallery-item__overlay\"><\/div>\n\t\t\t\t\t\t\t\t\t\t\t\t\t\t<\/a>\n\t\t\t\t\t\t\t<a class=\"e-gallery-item elementor-gallery-item elementor-animated-content\" href=\"https:\/\/www.delapuerta.com\/paratodaslaspersonas\/wp-content\/uploads\/2025\/10\/proyecto4-D-scaled.jpg\" data-elementor-open-lightbox=\"yes\" data-elementor-lightbox-slideshow=\"949ce2c\" data-elementor-lightbox-title=\"proyecto4-D\" data-e-action-hash=\"#elementor-action%3Aaction%3Dlightbox%26settings%3DeyJpZCI6NTk5LCJ1cmwiOiJodHRwczpcL1wvd3d3LmRlbGFwdWVydGEuY29tXC9wYXJhdG9kYXNsYXNwZXJzb25hc1wvd3AtY29udGVudFwvdXBsb2Fkc1wvMjAyNVwvMTBcL3Byb3llY3RvNC1ELXNjYWxlZC5qcGciLCJzbGlkZXNob3ciOiI5NDljZTJjIn0%3D\">\n\t\t\t\t\t<div class=\"e-gallery-image elementor-gallery-item__image\" data-thumbnail=\"https:\/\/www.delapuerta.com\/paratodaslaspersonas\/wp-content\/uploads\/2025\/10\/proyecto4-D-683x1024.jpg\" data-width=\"683\" data-height=\"1024\" aria-label=\"\" role=\"img\" ><\/div>\n\t\t\t\t\t\t\t\t\t\t\t<div class=\"elementor-gallery-item__overlay\"><\/div>\n\t\t\t\t\t\t\t\t\t\t\t\t\t\t<\/a>\n\t\t\t\t\t\t\t<a class=\"e-gallery-item elementor-gallery-item elementor-animated-content\" href=\"https:\/\/www.delapuerta.com\/paratodaslaspersonas\/wp-content\/uploads\/2025\/10\/proyecto4-0-scaled.jpg\" data-elementor-open-lightbox=\"yes\" data-elementor-lightbox-slideshow=\"949ce2c\" data-elementor-lightbox-title=\"proyecto4-0\" data-e-action-hash=\"#elementor-action%3Aaction%3Dlightbox%26settings%3DeyJpZCI6NjAwLCJ1cmwiOiJodHRwczpcL1wvd3d3LmRlbGFwdWVydGEuY29tXC9wYXJhdG9kYXNsYXNwZXJzb25hc1wvd3AtY29udGVudFwvdXBsb2Fkc1wvMjAyNVwvMTBcL3Byb3llY3RvNC0wLXNjYWxlZC5qcGciLCJzbGlkZXNob3ciOiI5NDljZTJjIn0%3D\">\n\t\t\t\t\t<div class=\"e-gallery-image elementor-gallery-item__image\" data-thumbnail=\"https:\/\/www.delapuerta.com\/paratodaslaspersonas\/wp-content\/uploads\/2025\/10\/proyecto4-0-1024x1024.jpg\" data-width=\"800\" data-height=\"800\" aria-label=\"\" role=\"img\" ><\/div>\n\t\t\t\t\t\t\t\t\t\t\t<div class=\"elementor-gallery-item__overlay\"><\/div>\n\t\t\t\t\t\t\t\t\t\t\t\t\t\t<\/a>\n\t\t\t\t\t<\/div>\n\t\t\t\t\t<\/div>\n\t\t\t\t<\/div>\n\t\t\t\t\t<\/div>\n\t\t<\/div>\n\t\t\t\t\t<\/div>\n\t\t<\/section>\n\t\t\t\t<section class=\"elementor-section elementor-top-section elementor-element elementor-element-8b57562 elementor-section-boxed elementor-section-height-default elementor-section-height-default\" data-id=\"8b57562\" data-element_type=\"section\">\n\t\t\t\t\t\t<div class=\"elementor-container elementor-column-gap-default\">\n\t\t\t\t\t<div class=\"elementor-column elementor-col-100 elementor-top-column elementor-element elementor-element-f96e31e\" data-id=\"f96e31e\" data-element_type=\"column\">\n\t\t\t<div class=\"elementor-widget-wrap elementor-element-populated\">\n\t\t\t\t\t\t<div class=\"elementor-element elementor-element-123bcd0 comillas elementor-widget elementor-widget-heading\" data-id=\"123bcd0\" data-element_type=\"widget\" data-widget_type=\"heading.default\">\n\t\t\t\t<div class=\"elementor-widget-container\">\n\t\t\t\t\t<div class=\"elementor-heading-title elementor-size-default\">Cu\u00f1as de madera para recibirte. Eliges el color con el que enmarcar el paisaje. Una barandilla serpiente<\/div>\t\t\t\t<\/div>\n\t\t\t\t<\/div>\n\t\t\t\t\t<\/div>\n\t\t<\/div>\n\t\t\t\t\t<\/div>\n\t\t<\/section>\n\t\t\t\t<\/div>\n\t\t","protected":false},"excerpt":{"rendered":"<p>&lt;&lt; Volver Residencia y centro de d\u00eda ASPROSUB, MORALES DEL VINO, 1995 Un conjunto de vol\u00famenes que trabajan con autonom\u00eda for\u00adma el edificio. Se trata de una residencia para 38 residentes y una zona de d\u00eda para 75 personas, que incluye a aquellas que duermen en residencia y un n\u00famero similar de externas. Formalmente, la [&hellip;]<\/p>\n","protected":false},"author":2,"featured_media":0,"parent":0,"menu_order":0,"comment_status":"closed","ping_status":"closed","template":"","meta":{"_acf_changed":false,"footnotes":""},"class_list":["post-591","page","type-page","status-publish","hentry"],"acf":[],"_links":{"self":[{"href":"https:\/\/www.delapuerta.com\/paratodaslaspersonas\/wp-json\/wp\/v2\/pages\/591","targetHints":{"allow":["GET"]}}],"collection":[{"href":"https:\/\/www.delapuerta.com\/paratodaslaspersonas\/wp-json\/wp\/v2\/pages"}],"about":[{"href":"https:\/\/www.delapuerta.com\/paratodaslaspersonas\/wp-json\/wp\/v2\/types\/page"}],"author":[{"embeddable":true,"href":"https:\/\/www.delapuerta.com\/paratodaslaspersonas\/wp-json\/wp\/v2\/users\/2"}],"replies":[{"embeddable":true,"href":"https:\/\/www.delapuerta.com\/paratodaslaspersonas\/wp-json\/wp\/v2\/comments?post=591"}],"version-history":[{"count":16,"href":"https:\/\/www.delapuerta.com\/paratodaslaspersonas\/wp-json\/wp\/v2\/pages\/591\/revisions"}],"predecessor-version":[{"id":786,"href":"https:\/\/www.delapuerta.com\/paratodaslaspersonas\/wp-json\/wp\/v2\/pages\/591\/revisions\/786"}],"wp:attachment":[{"href":"https:\/\/www.delapuerta.com\/paratodaslaspersonas\/wp-json\/wp\/v2\/media?parent=591"}],"curies":[{"name":"wp","href":"https:\/\/api.w.org\/{rel}","templated":true}]}}