{"id":521,"date":"2025-10-14T10:08:04","date_gmt":"2025-10-14T10:08:04","guid":{"rendered":"https:\/\/www.delapuerta.com\/paratodaslaspersonas\/?page_id=521"},"modified":"2025-10-14T12:55:15","modified_gmt":"2025-10-14T12:55:15","slug":"aspanias-salas-de-los-infantes","status":"publish","type":"page","link":"https:\/\/www.delapuerta.com\/paratodaslaspersonas\/aspanias-salas-de-los-infantes\/","title":{"rendered":"Centro ocupacional y reforma de residencia, ASPANIAS, SALAS DE LOS INFANTES, 1994"},"content":{"rendered":"\t\t<div data-elementor-type=\"wp-page\" data-elementor-id=\"521\" class=\"elementor elementor-521\" data-elementor-post-type=\"page\">\n\t\t\t\t\t\t<section class=\"elementor-section elementor-top-section elementor-element elementor-element-5c15c74 elementor-section-boxed elementor-section-height-default elementor-section-height-default\" data-id=\"5c15c74\" data-element_type=\"section\">\n\t\t\t\t\t\t<div class=\"elementor-container elementor-column-gap-default\">\n\t\t\t\t\t<div class=\"elementor-column elementor-col-100 elementor-top-column elementor-element elementor-element-4903420\" data-id=\"4903420\" data-element_type=\"column\">\n\t\t\t<div class=\"elementor-widget-wrap elementor-element-populated\">\n\t\t\t\t\t\t<div class=\"elementor-element elementor-element-48449b8 elementor-align-left elementor-widget elementor-widget-button\" data-id=\"48449b8\" data-element_type=\"widget\" data-widget_type=\"button.default\">\n\t\t\t\t<div class=\"elementor-widget-container\">\n\t\t\t\t\t\t\t\t\t<div class=\"elementor-button-wrapper\">\n\t\t\t\t\t<a class=\"elementor-button elementor-button-link elementor-size-sm\" href=\"https:\/\/www.delapuerta.com\/paratodaslaspersonas\/#proyectos\">\n\t\t\t\t\t\t<span class=\"elementor-button-content-wrapper\">\n\t\t\t\t\t\t\t\t\t<span class=\"elementor-button-text\">&lt;&lt; Volver<\/span>\n\t\t\t\t\t<\/span>\n\t\t\t\t\t<\/a>\n\t\t\t\t<\/div>\n\t\t\t\t\t\t\t\t<\/div>\n\t\t\t\t<\/div>\n\t\t\t\t\t<\/div>\n\t\t<\/div>\n\t\t\t\t\t<\/div>\n\t\t<\/section>\n\t\t\t\t<section class=\"elementor-section elementor-top-section elementor-element elementor-element-292d9d1 elementor-section-boxed elementor-section-height-default elementor-section-height-default\" data-id=\"292d9d1\" data-element_type=\"section\">\n\t\t\t\t\t\t<div class=\"elementor-container elementor-column-gap-default\">\n\t\t\t\t\t<div class=\"elementor-column elementor-col-100 elementor-top-column elementor-element elementor-element-ee978ce\" data-id=\"ee978ce\" data-element_type=\"column\">\n\t\t\t<div class=\"elementor-widget-wrap elementor-element-populated\">\n\t\t\t\t\t\t<div class=\"elementor-element elementor-element-eedecde elementor-widget elementor-widget-heading\" data-id=\"eedecde\" data-element_type=\"widget\" data-widget_type=\"heading.default\">\n\t\t\t\t<div class=\"elementor-widget-container\">\n\t\t\t\t\t<h1 class=\"elementor-heading-title elementor-size-default\">Centro ocupacional y reforma de residencia<\/h1>\t\t\t\t<\/div>\n\t\t\t\t<\/div>\n\t\t\t\t<div class=\"elementor-element elementor-element-1d015bf elementor-widget elementor-widget-heading\" data-id=\"1d015bf\" data-element_type=\"widget\" data-widget_type=\"heading.default\">\n\t\t\t\t<div class=\"elementor-widget-container\">\n\t\t\t\t\t<div class=\"elementor-heading-title elementor-size-default\">ASPANIAS, SALAS DE LOS INFANTES, 1994<\/div>\t\t\t\t<\/div>\n\t\t\t\t<\/div>\n\t\t\t\t<div class=\"elementor-element elementor-element-10fce259 elementor-widget elementor-widget-text-editor\" data-id=\"10fce259\" data-element_type=\"widget\" data-widget_type=\"text-editor.default\">\n\t\t\t\t<div class=\"elementor-widget-container\">\n\t\t\t\t\t\t\t\t\t<p>Se plantea el nuevo Centro Ocupacional como una alter\u00adnativa a la cl\u00e1sica nave industrial que tienen estas asocia\u00adciones como Centros Ocupacionales.<\/p><p>El edificio se sit\u00faa al fondo de la parcela, encerrado en s\u00ed mismo, para preservar las vistas a la residencia. El conjunto se divide en dos zonas de trabajo y se duplica la zona de almac\u00e9n, de manera que las personas de niveles o proce\u00addencias diferentes puedan desempe\u00f1ar actividades ocu\u00adpacionales diversas.<\/p><p>Ambas naves se orientan en paralelo al Sur, una a un patio central y otra a un jard\u00edn, introduciendo as\u00ed, una luz natu\u00adral tamizada que proviene del sur a trav\u00e9s de unas lamas situadas en la parte superior, facilitando el trabajo en los talleres.<\/p><p>En la entrada, se encuentran los vestuarios y los aseos, a medida que avanzamos, nos adentramos al interior de las naves di\u00e1fanas que destacan por sus cerchas de madera vista que constituyen su estructura compartimentada con tabiques y muebles bajos, que busca una calidez para las personas a diferencia de los edificios industriales, apoy\u00e1n\u00addose en esa luz difusa. Los vol\u00famenes de los talleres son equidistantes formando as\u00ed el gran patio central, pensado para el uso de los usuari@s.<\/p><p>En cuanto a la materialidad, diferenciamos los materiales seg\u00fan el uso, utilizamos Eternit y Glassal azul en la facha\u00adda principal que corresponden a los almacenes y vestua\u00adrios-aseos, mientras el resto de los acabados son a base de enfoscado pintado y en el interior se utiliza ladrillo visto en paramentos verticales y suelo industrial de hormig\u00f3n pulido.<\/p><p>Por otro lado, se realiza una reforma de la residencia para una mejora en la accesibilidad hacia el hall, donde se sit\u00faa la administraci\u00f3n, con una rampa que deb\u00eda salvar 1,20 m de diferencia de cota en el edificio existente.<\/p><p>La elecci\u00f3n de una estructura abierta, la orientaci\u00f3n hacia la luz natural, la calidez de los materiales y los espacios modulables y accesibles atienden a crear un entorno que facilite la vida cotidiana, fomente la autonom\u00eda, y permita a cada persona reconocerse en el espacio que habita.<\/p>\t\t\t\t\t\t\t\t<\/div>\n\t\t\t\t<\/div>\n\t\t\t\t\t<\/div>\n\t\t<\/div>\n\t\t\t\t\t<\/div>\n\t\t<\/section>\n\t\t\t\t<section class=\"elementor-section elementor-top-section elementor-element elementor-element-0590f5d elementor-section-boxed elementor-section-height-default elementor-section-height-default\" data-id=\"0590f5d\" data-element_type=\"section\">\n\t\t\t\t\t\t<div class=\"elementor-container elementor-column-gap-default\">\n\t\t\t\t\t<div class=\"elementor-column elementor-col-100 elementor-top-column elementor-element elementor-element-ccf3017\" data-id=\"ccf3017\" data-element_type=\"column\">\n\t\t\t<div class=\"elementor-widget-wrap elementor-element-populated\">\n\t\t\t\t\t\t<div class=\"elementor-element elementor-element-e48db8f elementor-widget elementor-widget-heading\" data-id=\"e48db8f\" data-element_type=\"widget\" data-widget_type=\"heading.default\">\n\t\t\t\t<div class=\"elementor-widget-container\">\n\t\t\t\t\t<h2 class=\"elementor-heading-title elementor-size-default\">Premios y publicaciones<\/h2>\t\t\t\t<\/div>\n\t\t\t\t<\/div>\n\t\t\t\t<div class=\"elementor-element elementor-element-e283840 elementor-icon-list--layout-traditional elementor-list-item-link-full_width elementor-widget elementor-widget-icon-list\" data-id=\"e283840\" data-element_type=\"widget\" data-widget_type=\"icon-list.default\">\n\t\t\t\t<div class=\"elementor-widget-container\">\n\t\t\t\t\t\t\t<ul class=\"elementor-icon-list-items\">\n\t\t\t\t\t\t\t<li class=\"elementor-icon-list-item\">\n\t\t\t\t\t\t\t\t\t\t\t<span class=\"elementor-icon-list-icon\">\n\t\t\t\t\t\t\t<i aria-hidden=\"true\" class=\"fas fa-award\"><\/i>\t\t\t\t\t\t<\/span>\n\t\t\t\t\t\t\t\t\t\t<span class=\"elementor-icon-list-text\">Premios de Arquitectura del Consejo Auton\u00f3mico de Castilla y Le\u00f3n (1994-95) <\/span>\n\t\t\t\t\t\t\t\t\t<\/li>\n\t\t\t\t\t\t\t\t<li class=\"elementor-icon-list-item\">\n\t\t\t\t\t\t\t\t\t\t\t<span class=\"elementor-icon-list-icon\">\n\t\t\t\t\t\t\t<i aria-hidden=\"true\" class=\"fas fa-book\"><\/i>\t\t\t\t\t\t<\/span>\n\t\t\t\t\t\t\t\t\t\t<span class=\"elementor-icon-list-text\">Arquitectura n\u00ba305 (p\u00e1g. 51). <\/span>\n\t\t\t\t\t\t\t\t\t<\/li>\n\t\t\t\t\t\t\t\t<li class=\"elementor-icon-list-item\">\n\t\t\t\t\t\t\t\t\t\t\t<span class=\"elementor-icon-list-icon\">\n\t\t\t\t\t\t\t<i aria-hidden=\"true\" class=\"fas fa-book\"><\/i>\t\t\t\t\t\t<\/span>\n\t\t\t\t\t\t\t\t\t\t<span class=\"elementor-icon-list-text\">Arquitectura Viva n\u00ba46 (p\u00e1g. 32). <\/span>\n\t\t\t\t\t\t\t\t\t<\/li>\n\t\t\t\t\t\t\t\t<li class=\"elementor-icon-list-item\">\n\t\t\t\t\t\t\t\t\t\t\t<span class=\"elementor-icon-list-icon\">\n\t\t\t\t\t\t\t<i aria-hidden=\"true\" class=\"fas fa-book\"><\/i>\t\t\t\t\t\t<\/span>\n\t\t\t\t\t\t\t\t\t\t<span class=\"elementor-icon-list-text\">Cat\u00e1logo del Premio de arquitectura Castilla y Le\u00f3n (p\u00e1gs. 21 y 22). <\/span>\n\t\t\t\t\t\t\t\t\t<\/li>\n\t\t\t\t\t\t\t\t<li class=\"elementor-icon-list-item\">\n\t\t\t\t\t\t\t\t\t\t\t<span class=\"elementor-icon-list-icon\">\n\t\t\t\t\t\t\t<i aria-hidden=\"true\" class=\"fas fa-book\"><\/i>\t\t\t\t\t\t<\/span>\n\t\t\t\t\t\t\t\t\t\t<span class=\"elementor-icon-list-text\"> Diario de Burgos 20-7-96.<\/span>\n\t\t\t\t\t\t\t\t\t<\/li>\n\t\t\t\t\t\t<\/ul>\n\t\t\t\t\t\t<\/div>\n\t\t\t\t<\/div>\n\t\t\t\t\t<\/div>\n\t\t<\/div>\n\t\t\t\t\t<\/div>\n\t\t<\/section>\n\t\t\t\t<section class=\"elementor-section elementor-top-section elementor-element elementor-element-7824a00 elementor-section-boxed elementor-section-height-default elementor-section-height-default\" data-id=\"7824a00\" data-element_type=\"section\">\n\t\t\t\t\t\t<div class=\"elementor-container elementor-column-gap-default\">\n\t\t\t\t\t<div class=\"elementor-column elementor-col-100 elementor-top-column elementor-element elementor-element-5c5668b\" data-id=\"5c5668b\" data-element_type=\"column\">\n\t\t\t<div class=\"elementor-widget-wrap elementor-element-populated\">\n\t\t\t\t\t\t<div class=\"elementor-element elementor-element-0806809 elementor-widget elementor-widget-gallery\" data-id=\"0806809\" data-element_type=\"widget\" data-settings=\"{&quot;gallery_layout&quot;:&quot;justified&quot;,&quot;ideal_row_height&quot;:{&quot;unit&quot;:&quot;px&quot;,&quot;size&quot;:600,&quot;sizes&quot;:[]},&quot;ideal_row_height_tablet&quot;:{&quot;unit&quot;:&quot;px&quot;,&quot;size&quot;:300,&quot;sizes&quot;:[]},&quot;ideal_row_height_mobile&quot;:{&quot;unit&quot;:&quot;px&quot;,&quot;size&quot;:300,&quot;sizes&quot;:[]},&quot;lazyload&quot;:&quot;yes&quot;,&quot;gap&quot;:{&quot;unit&quot;:&quot;px&quot;,&quot;size&quot;:10,&quot;sizes&quot;:[]},&quot;gap_tablet&quot;:{&quot;unit&quot;:&quot;px&quot;,&quot;size&quot;:10,&quot;sizes&quot;:[]},&quot;gap_mobile&quot;:{&quot;unit&quot;:&quot;px&quot;,&quot;size&quot;:10,&quot;sizes&quot;:[]},&quot;link_to&quot;:&quot;file&quot;,&quot;overlay_background&quot;:&quot;yes&quot;,&quot;content_hover_animation&quot;:&quot;fade-in&quot;}\" data-widget_type=\"gallery.default\">\n\t\t\t\t<div class=\"elementor-widget-container\">\n\t\t\t\t\t\t\t<div class=\"elementor-gallery__container\">\n\t\t\t\t\t\t\t<a class=\"e-gallery-item elementor-gallery-item elementor-animated-content\" href=\"https:\/\/www.delapuerta.com\/paratodaslaspersonas\/wp-content\/uploads\/2025\/10\/proyecto2-E.png\" data-elementor-open-lightbox=\"yes\" data-elementor-lightbox-slideshow=\"0806809\" data-elementor-lightbox-title=\"proyecto2-E\" data-e-action-hash=\"#elementor-action%3Aaction%3Dlightbox%26settings%3DeyJpZCI6NTU0LCJ1cmwiOiJodHRwczpcL1wvd3d3LmRlbGFwdWVydGEuY29tXC9wYXJhdG9kYXNsYXNwZXJzb25hc1wvd3AtY29udGVudFwvdXBsb2Fkc1wvMjAyNVwvMTBcL3Byb3llY3RvMi1FLnBuZyIsInNsaWRlc2hvdyI6IjA4MDY4MDkifQ%3D%3D\">\n\t\t\t\t\t<div class=\"e-gallery-image elementor-gallery-item__image\" data-thumbnail=\"https:\/\/www.delapuerta.com\/paratodaslaspersonas\/wp-content\/uploads\/2025\/10\/proyecto2-E-1024x747.png\" data-width=\"800\" data-height=\"584\" aria-label=\"\" role=\"img\" ><\/div>\n\t\t\t\t\t\t\t\t\t\t\t<div class=\"elementor-gallery-item__overlay\"><\/div>\n\t\t\t\t\t\t\t\t\t\t\t\t\t\t<\/a>\n\t\t\t\t\t\t\t<a class=\"e-gallery-item elementor-gallery-item elementor-animated-content\" href=\"https:\/\/www.delapuerta.com\/paratodaslaspersonas\/wp-content\/uploads\/2025\/10\/proyecto2-B-scaled.jpg\" data-elementor-open-lightbox=\"yes\" data-elementor-lightbox-slideshow=\"0806809\" data-elementor-lightbox-title=\"proyecto2-B\" data-e-action-hash=\"#elementor-action%3Aaction%3Dlightbox%26settings%3DeyJpZCI6NTUxLCJ1cmwiOiJodHRwczpcL1wvd3d3LmRlbGFwdWVydGEuY29tXC9wYXJhdG9kYXNsYXNwZXJzb25hc1wvd3AtY29udGVudFwvdXBsb2Fkc1wvMjAyNVwvMTBcL3Byb3llY3RvMi1CLXNjYWxlZC5qcGciLCJzbGlkZXNob3ciOiIwODA2ODA5In0%3D\">\n\t\t\t\t\t<div class=\"e-gallery-image elementor-gallery-item__image\" data-thumbnail=\"https:\/\/www.delapuerta.com\/paratodaslaspersonas\/wp-content\/uploads\/2025\/10\/proyecto2-B-683x1024.jpg\" data-width=\"683\" data-height=\"1024\" aria-label=\"\" role=\"img\" ><\/div>\n\t\t\t\t\t\t\t\t\t\t\t<div class=\"elementor-gallery-item__overlay\"><\/div>\n\t\t\t\t\t\t\t\t\t\t\t\t\t\t<\/a>\n\t\t\t\t\t\t\t<a class=\"e-gallery-item elementor-gallery-item elementor-animated-content\" href=\"https:\/\/www.delapuerta.com\/paratodaslaspersonas\/wp-content\/uploads\/2025\/10\/proyecto2-C.jpg\" data-elementor-open-lightbox=\"yes\" data-elementor-lightbox-slideshow=\"0806809\" data-elementor-lightbox-title=\"proyecto2-C\" data-e-action-hash=\"#elementor-action%3Aaction%3Dlightbox%26settings%3DeyJpZCI6NTUyLCJ1cmwiOiJodHRwczpcL1wvd3d3LmRlbGFwdWVydGEuY29tXC9wYXJhdG9kYXNsYXNwZXJzb25hc1wvd3AtY29udGVudFwvdXBsb2Fkc1wvMjAyNVwvMTBcL3Byb3llY3RvMi1DLmpwZyIsInNsaWRlc2hvdyI6IjA4MDY4MDkifQ%3D%3D\">\n\t\t\t\t\t<div class=\"e-gallery-image elementor-gallery-item__image\" data-thumbnail=\"https:\/\/www.delapuerta.com\/paratodaslaspersonas\/wp-content\/uploads\/2025\/10\/proyecto2-C-1024x724.jpg\" data-width=\"800\" data-height=\"566\" aria-label=\"\" role=\"img\" ><\/div>\n\t\t\t\t\t\t\t\t\t\t\t<div class=\"elementor-gallery-item__overlay\"><\/div>\n\t\t\t\t\t\t\t\t\t\t\t\t\t\t<\/a>\n\t\t\t\t\t\t\t<a class=\"e-gallery-item elementor-gallery-item elementor-animated-content\" href=\"https:\/\/www.delapuerta.com\/paratodaslaspersonas\/wp-content\/uploads\/2025\/10\/proyecto2-D-scaled.jpg\" data-elementor-open-lightbox=\"yes\" data-elementor-lightbox-slideshow=\"0806809\" data-elementor-lightbox-title=\"OLYMPUS DIGITAL CAMERA\" data-e-action-hash=\"#elementor-action%3Aaction%3Dlightbox%26settings%3DeyJpZCI6NTUzLCJ1cmwiOiJodHRwczpcL1wvd3d3LmRlbGFwdWVydGEuY29tXC9wYXJhdG9kYXNsYXNwZXJzb25hc1wvd3AtY29udGVudFwvdXBsb2Fkc1wvMjAyNVwvMTBcL3Byb3llY3RvMi1ELXNjYWxlZC5qcGciLCJzbGlkZXNob3ciOiIwODA2ODA5In0%3D\">\n\t\t\t\t\t<div class=\"e-gallery-image elementor-gallery-item__image\" data-thumbnail=\"https:\/\/www.delapuerta.com\/paratodaslaspersonas\/wp-content\/uploads\/2025\/10\/proyecto2-D-1024x768.jpg\" data-width=\"800\" data-height=\"600\" aria-label=\"\" role=\"img\" ><\/div>\n\t\t\t\t\t\t\t\t\t\t\t<div class=\"elementor-gallery-item__overlay\"><\/div>\n\t\t\t\t\t\t\t\t\t\t\t\t\t\t<\/a>\n\t\t\t\t\t\t\t<a class=\"e-gallery-item elementor-gallery-item elementor-animated-content\" href=\"https:\/\/www.delapuerta.com\/paratodaslaspersonas\/wp-content\/uploads\/2025\/10\/proyecto2-A-scaled.jpg\" data-elementor-open-lightbox=\"yes\" data-elementor-lightbox-slideshow=\"0806809\" data-elementor-lightbox-title=\"proyecto2-A\" data-e-action-hash=\"#elementor-action%3Aaction%3Dlightbox%26settings%3DeyJpZCI6NTUwLCJ1cmwiOiJodHRwczpcL1wvd3d3LmRlbGFwdWVydGEuY29tXC9wYXJhdG9kYXNsYXNwZXJzb25hc1wvd3AtY29udGVudFwvdXBsb2Fkc1wvMjAyNVwvMTBcL3Byb3llY3RvMi1BLXNjYWxlZC5qcGciLCJzbGlkZXNob3ciOiIwODA2ODA5In0%3D\">\n\t\t\t\t\t<div class=\"e-gallery-image elementor-gallery-item__image\" data-thumbnail=\"https:\/\/www.delapuerta.com\/paratodaslaspersonas\/wp-content\/uploads\/2025\/10\/proyecto2-A-1024x683.jpg\" data-width=\"800\" data-height=\"534\" aria-label=\"\" role=\"img\" ><\/div>\n\t\t\t\t\t\t\t\t\t\t\t<div class=\"elementor-gallery-item__overlay\"><\/div>\n\t\t\t\t\t\t\t\t\t\t\t\t\t\t<\/a>\n\t\t\t\t\t\t\t<a class=\"e-gallery-item elementor-gallery-item elementor-animated-content\" href=\"https:\/\/www.delapuerta.com\/paratodaslaspersonas\/wp-content\/uploads\/2025\/10\/proyecto2-0-scaled.jpg\" data-elementor-open-lightbox=\"yes\" data-elementor-lightbox-slideshow=\"0806809\" data-elementor-lightbox-title=\"proyecto2-0\" data-e-action-hash=\"#elementor-action%3Aaction%3Dlightbox%26settings%3DeyJpZCI6NTU1LCJ1cmwiOiJodHRwczpcL1wvd3d3LmRlbGFwdWVydGEuY29tXC9wYXJhdG9kYXNsYXNwZXJzb25hc1wvd3AtY29udGVudFwvdXBsb2Fkc1wvMjAyNVwvMTBcL3Byb3llY3RvMi0wLXNjYWxlZC5qcGciLCJzbGlkZXNob3ciOiIwODA2ODA5In0%3D\">\n\t\t\t\t\t<div class=\"e-gallery-image elementor-gallery-item__image\" data-thumbnail=\"https:\/\/www.delapuerta.com\/paratodaslaspersonas\/wp-content\/uploads\/2025\/10\/proyecto2-0-1024x1024.jpg\" data-width=\"800\" data-height=\"800\" aria-label=\"\" role=\"img\" ><\/div>\n\t\t\t\t\t\t\t\t\t\t\t<div class=\"elementor-gallery-item__overlay\"><\/div>\n\t\t\t\t\t\t\t\t\t\t\t\t\t\t<\/a>\n\t\t\t\t\t<\/div>\n\t\t\t\t\t<\/div>\n\t\t\t\t<\/div>\n\t\t\t\t\t<\/div>\n\t\t<\/div>\n\t\t\t\t\t<\/div>\n\t\t<\/section>\n\t\t\t\t<section class=\"elementor-section elementor-top-section elementor-element elementor-element-8b57562 elementor-section-boxed elementor-section-height-default elementor-section-height-default\" data-id=\"8b57562\" data-element_type=\"section\">\n\t\t\t\t\t\t<div class=\"elementor-container elementor-column-gap-default\">\n\t\t\t\t\t<div class=\"elementor-column elementor-col-100 elementor-top-column elementor-element elementor-element-f96e31e\" data-id=\"f96e31e\" data-element_type=\"column\">\n\t\t\t<div class=\"elementor-widget-wrap elementor-element-populated\">\n\t\t\t\t\t\t<div class=\"elementor-element elementor-element-123bcd0 comillas elementor-widget elementor-widget-heading\" data-id=\"123bcd0\" data-element_type=\"widget\" data-widget_type=\"heading.default\">\n\t\t\t\t<div class=\"elementor-widget-container\">\n\t\t\t\t\t<div class=\"elementor-heading-title elementor-size-default\">Como un bosque sin troncos, ramas que dejan pasar la luz y a la altura de la mirada siempre verde<\/div>\t\t\t\t<\/div>\n\t\t\t\t<\/div>\n\t\t\t\t\t<\/div>\n\t\t<\/div>\n\t\t\t\t\t<\/div>\n\t\t<\/section>\n\t\t\t\t<\/div>\n\t\t","protected":false},"excerpt":{"rendered":"<p>&lt;&lt; Volver Centro ocupacional y reforma de residencia ASPANIAS, SALAS DE LOS INFANTES, 1994 Se plantea el nuevo Centro Ocupacional como una alter\u00adnativa a la cl\u00e1sica nave industrial que tienen estas asocia\u00adciones como Centros Ocupacionales. El edificio se sit\u00faa al fondo de la parcela, encerrado en s\u00ed mismo, para preservar las vistas a la residencia. [&hellip;]<\/p>\n","protected":false},"author":2,"featured_media":0,"parent":0,"menu_order":0,"comment_status":"closed","ping_status":"closed","template":"","meta":{"_acf_changed":false,"footnotes":""},"class_list":["post-521","page","type-page","status-publish","hentry"],"acf":[],"_links":{"self":[{"href":"https:\/\/www.delapuerta.com\/paratodaslaspersonas\/wp-json\/wp\/v2\/pages\/521","targetHints":{"allow":["GET"]}}],"collection":[{"href":"https:\/\/www.delapuerta.com\/paratodaslaspersonas\/wp-json\/wp\/v2\/pages"}],"about":[{"href":"https:\/\/www.delapuerta.com\/paratodaslaspersonas\/wp-json\/wp\/v2\/types\/page"}],"author":[{"embeddable":true,"href":"https:\/\/www.delapuerta.com\/paratodaslaspersonas\/wp-json\/wp\/v2\/users\/2"}],"replies":[{"embeddable":true,"href":"https:\/\/www.delapuerta.com\/paratodaslaspersonas\/wp-json\/wp\/v2\/comments?post=521"}],"version-history":[{"count":17,"href":"https:\/\/www.delapuerta.com\/paratodaslaspersonas\/wp-json\/wp\/v2\/pages\/521\/revisions"}],"predecessor-version":[{"id":824,"href":"https:\/\/www.delapuerta.com\/paratodaslaspersonas\/wp-json\/wp\/v2\/pages\/521\/revisions\/824"}],"wp:attachment":[{"href":"https:\/\/www.delapuerta.com\/paratodaslaspersonas\/wp-json\/wp\/v2\/media?parent=521"}],"curies":[{"name":"wp","href":"https:\/\/api.w.org\/{rel}","templated":true}]}}