{"id":2,"date":"2022-05-17T08:37:42","date_gmt":"2022-05-17T08:37:42","guid":{"rendered":"https:\/\/www.delapuerta.com\/paratodaslaspersonas\/?page_id=2"},"modified":"2025-10-14T12:36:50","modified_gmt":"2025-10-14T12:36:50","slug":"aspanias-burgos","status":"publish","type":"page","link":"https:\/\/www.delapuerta.com\/paratodaslaspersonas\/aspanias-burgos\/","title":{"rendered":"Centro de formaci\u00f3n y m\u00f3dulos residenciales, ASPANIAS, BURGOS, 1995"},"content":{"rendered":"\t\t<div data-elementor-type=\"wp-page\" data-elementor-id=\"2\" class=\"elementor elementor-2\" data-elementor-post-type=\"page\">\n\t\t\t\t\t\t<section class=\"elementor-section elementor-top-section elementor-element elementor-element-5c15c74 elementor-section-boxed elementor-section-height-default elementor-section-height-default\" data-id=\"5c15c74\" data-element_type=\"section\">\n\t\t\t\t\t\t<div class=\"elementor-container elementor-column-gap-default\">\n\t\t\t\t\t<div class=\"elementor-column elementor-col-100 elementor-top-column elementor-element elementor-element-4903420\" data-id=\"4903420\" data-element_type=\"column\">\n\t\t\t<div class=\"elementor-widget-wrap elementor-element-populated\">\n\t\t\t\t\t\t<div class=\"elementor-element elementor-element-48449b8 elementor-align-left elementor-widget elementor-widget-button\" data-id=\"48449b8\" data-element_type=\"widget\" data-widget_type=\"button.default\">\n\t\t\t\t<div class=\"elementor-widget-container\">\n\t\t\t\t\t\t\t\t\t<div class=\"elementor-button-wrapper\">\n\t\t\t\t\t<a class=\"elementor-button elementor-button-link elementor-size-sm\" href=\"https:\/\/www.delapuerta.com\/paratodaslaspersonas\/#proyectos\">\n\t\t\t\t\t\t<span class=\"elementor-button-content-wrapper\">\n\t\t\t\t\t\t\t\t\t<span class=\"elementor-button-text\">&lt;&lt; Volver<\/span>\n\t\t\t\t\t<\/span>\n\t\t\t\t\t<\/a>\n\t\t\t\t<\/div>\n\t\t\t\t\t\t\t\t<\/div>\n\t\t\t\t<\/div>\n\t\t\t\t\t<\/div>\n\t\t<\/div>\n\t\t\t\t\t<\/div>\n\t\t<\/section>\n\t\t\t\t<section class=\"elementor-section elementor-top-section elementor-element elementor-element-292d9d1 elementor-section-boxed elementor-section-height-default elementor-section-height-default\" data-id=\"292d9d1\" data-element_type=\"section\">\n\t\t\t\t\t\t<div class=\"elementor-container elementor-column-gap-default\">\n\t\t\t\t\t<div class=\"elementor-column elementor-col-100 elementor-top-column elementor-element elementor-element-ee978ce\" data-id=\"ee978ce\" data-element_type=\"column\">\n\t\t\t<div class=\"elementor-widget-wrap elementor-element-populated\">\n\t\t\t\t\t\t<div class=\"elementor-element elementor-element-eedecde elementor-widget elementor-widget-heading\" data-id=\"eedecde\" data-element_type=\"widget\" data-widget_type=\"heading.default\">\n\t\t\t\t<div class=\"elementor-widget-container\">\n\t\t\t\t\t<h1 class=\"elementor-heading-title elementor-size-default\">Centro de formaci\u00f3n y m\u00f3dulos residenciales<\/h1>\t\t\t\t<\/div>\n\t\t\t\t<\/div>\n\t\t\t\t<div class=\"elementor-element elementor-element-1d015bf elementor-widget elementor-widget-heading\" data-id=\"1d015bf\" data-element_type=\"widget\" data-widget_type=\"heading.default\">\n\t\t\t\t<div class=\"elementor-widget-container\">\n\t\t\t\t\t<div class=\"elementor-heading-title elementor-size-default\">ASPANIAS, BURGOS, 1995<\/div>\t\t\t\t<\/div>\n\t\t\t\t<\/div>\n\t\t\t\t<div class=\"elementor-element elementor-element-10fce259 elementor-widget elementor-widget-text-editor\" data-id=\"10fce259\" data-element_type=\"widget\" data-widget_type=\"text-editor.default\">\n\t\t\t\t<div class=\"elementor-widget-container\">\n\t\t\t\t\t\t\t\t\t<p>El solar cedido por el ayuntamiento de Burgos a la asociaci\u00f3n de padres permit\u00eda, por fin, integrar un centro urbano de este tipo en el casco urbano consolidado. La parcela linda al sur con un parque p\u00fablico, mientras en el norte se encuentra la calle de acceso. El programa consiste en un centro de for\u00admaci\u00f3n profesional con tres talleres de distinto uso (encua\u00addernaci\u00f3n, carpinter\u00eda y jardiner\u00eda), destinado a j\u00f3venes con discapacidad intelectual \u201cmoderada\u201d y una residencia perma\u00adnente con diferentes necesidades de apoyo.<\/p><p>La propuesta parte de la integraci\u00f3n en el tejido urbano como punto clave para la autonom\u00eda, la participaci\u00f3n y el desarro\u00adllo. Se ha cuidado el car\u00e1cter de los distintos espacios exterio\u00adres, articulando usos y atm\u00f3sferas diversas con un recorrido continuo desde un patio deportivo, un jard\u00edn semienterrado de contemplaci\u00f3n, hasta jardines en aulas.<\/p><p>La planta baja destinada a formaci\u00f3n y servicios comunes se dispuso en un semis\u00f3tano. Esta decisi\u00f3n respondi\u00f3, por un lado, al respeto a la topograf\u00eda, situada a un nivel inferior res\u00adpecto a la calle; por otro lado, la necesidad de separar las ac\u00adtividades formativas y las residenciales. As\u00ed, la formaci\u00f3n se desarrolla en un nivel inferior asomando a la ciudad, mien\u00adtras las viviendas se elevan volc\u00e1ndose hacia el parque. Esta disposici\u00f3n favorece la independencia funcional, as\u00ed como el bienestar de los usuarios, al adaptar los espacios a sus ritmos y necesidades. El punto de conexi\u00f3n de ambas es a la vez el acceso principal. En \u00e9l, un puente cubierto de madera arran\u00adca desde la acera, conecta los niveles de vivienda y de forma\u00adci\u00f3n.<\/p><p>En las viviendas, se ha investigado tanto en la versatilidad como en la diferenciaci\u00f3n. Los cuatro m\u00f3dulos de los niveles m\u00e1s bajos comparten dos a dos un estar com\u00fan y est\u00e1n co\u00adnectados entre s\u00ed, bajando la ratio de personal. En los talle\u00adres, se busc\u00f3 que su volumetr\u00eda diera r\u00e9plica a las viviendas, mostrando a la ciudad, de noche como faros, y de d\u00eda como escaparates de la actividad que se desarrolla. Sin embargo, en el interior los j\u00f3venes que vayan rotando por las distintas actividades notan distintas iluminaciones naturales, distintos colores y distintos materiales en las tres naves de papel, ma\u00addera e invernadero.<\/p>\t\t\t\t\t\t\t\t<\/div>\n\t\t\t\t<\/div>\n\t\t\t\t\t<\/div>\n\t\t<\/div>\n\t\t\t\t\t<\/div>\n\t\t<\/section>\n\t\t\t\t<section class=\"elementor-section elementor-top-section elementor-element elementor-element-0590f5d elementor-section-boxed elementor-section-height-default elementor-section-height-default\" data-id=\"0590f5d\" data-element_type=\"section\">\n\t\t\t\t\t\t<div class=\"elementor-container elementor-column-gap-default\">\n\t\t\t\t\t<div class=\"elementor-column elementor-col-100 elementor-top-column elementor-element elementor-element-ccf3017\" data-id=\"ccf3017\" data-element_type=\"column\">\n\t\t\t<div class=\"elementor-widget-wrap elementor-element-populated\">\n\t\t\t\t\t\t<div class=\"elementor-element elementor-element-e48db8f elementor-widget elementor-widget-heading\" data-id=\"e48db8f\" data-element_type=\"widget\" data-widget_type=\"heading.default\">\n\t\t\t\t<div class=\"elementor-widget-container\">\n\t\t\t\t\t<h2 class=\"elementor-heading-title elementor-size-default\">Premios y publicaciones<\/h2>\t\t\t\t<\/div>\n\t\t\t\t<\/div>\n\t\t\t\t<div class=\"elementor-element elementor-element-e283840 elementor-icon-list--layout-traditional elementor-list-item-link-full_width elementor-widget elementor-widget-icon-list\" data-id=\"e283840\" data-element_type=\"widget\" data-widget_type=\"icon-list.default\">\n\t\t\t\t<div class=\"elementor-widget-container\">\n\t\t\t\t\t\t\t<ul class=\"elementor-icon-list-items\">\n\t\t\t\t\t\t\t<li class=\"elementor-icon-list-item\">\n\t\t\t\t\t\t\t\t\t\t\t<span class=\"elementor-icon-list-icon\">\n\t\t\t\t\t\t\t<i aria-hidden=\"true\" class=\"fas fa-award\"><\/i>\t\t\t\t\t\t<\/span>\n\t\t\t\t\t\t\t\t\t\t<span class=\"elementor-icon-list-text\">Premios de Arquitectura del Consejo Auton\u00f3mico de Castilla y Le\u00f3n (1994-95)<\/span>\n\t\t\t\t\t\t\t\t\t<\/li>\n\t\t\t\t\t\t<\/ul>\n\t\t\t\t\t\t<\/div>\n\t\t\t\t<\/div>\n\t\t\t\t\t<\/div>\n\t\t<\/div>\n\t\t\t\t\t<\/div>\n\t\t<\/section>\n\t\t\t\t<section class=\"elementor-section elementor-top-section elementor-element elementor-element-59681be elementor-section-boxed elementor-section-height-default elementor-section-height-default\" data-id=\"59681be\" data-element_type=\"section\">\n\t\t\t\t\t\t<div class=\"elementor-container elementor-column-gap-default\">\n\t\t\t\t\t<div class=\"elementor-column elementor-col-100 elementor-top-column elementor-element elementor-element-e434a91\" data-id=\"e434a91\" data-element_type=\"column\">\n\t\t\t<div class=\"elementor-widget-wrap elementor-element-populated\">\n\t\t\t\t\t\t<div class=\"elementor-element elementor-element-949ce2c elementor-widget elementor-widget-gallery\" data-id=\"949ce2c\" data-element_type=\"widget\" data-settings=\"{&quot;gallery_layout&quot;:&quot;justified&quot;,&quot;ideal_row_height&quot;:{&quot;unit&quot;:&quot;px&quot;,&quot;size&quot;:600,&quot;sizes&quot;:[]},&quot;ideal_row_height_tablet&quot;:{&quot;unit&quot;:&quot;px&quot;,&quot;size&quot;:300,&quot;sizes&quot;:[]},&quot;ideal_row_height_mobile&quot;:{&quot;unit&quot;:&quot;px&quot;,&quot;size&quot;:300,&quot;sizes&quot;:[]},&quot;lazyload&quot;:&quot;yes&quot;,&quot;gap&quot;:{&quot;unit&quot;:&quot;px&quot;,&quot;size&quot;:10,&quot;sizes&quot;:[]},&quot;gap_tablet&quot;:{&quot;unit&quot;:&quot;px&quot;,&quot;size&quot;:10,&quot;sizes&quot;:[]},&quot;gap_mobile&quot;:{&quot;unit&quot;:&quot;px&quot;,&quot;size&quot;:10,&quot;sizes&quot;:[]},&quot;link_to&quot;:&quot;file&quot;,&quot;overlay_background&quot;:&quot;yes&quot;,&quot;content_hover_animation&quot;:&quot;fade-in&quot;}\" data-widget_type=\"gallery.default\">\n\t\t\t\t<div class=\"elementor-widget-container\">\n\t\t\t\t\t\t\t<div class=\"elementor-gallery__container\">\n\t\t\t\t\t\t\t<a class=\"e-gallery-item elementor-gallery-item elementor-animated-content\" href=\"https:\/\/www.delapuerta.com\/paratodaslaspersonas\/wp-content\/uploads\/2025\/10\/proyecto1-A.jpg\" data-elementor-open-lightbox=\"yes\" data-elementor-lightbox-slideshow=\"949ce2c\" data-elementor-lightbox-title=\"proyecto1-A\" data-e-action-hash=\"#elementor-action%3Aaction%3Dlightbox%26settings%3DeyJpZCI6NTYwLCJ1cmwiOiJodHRwczpcL1wvd3d3LmRlbGFwdWVydGEuY29tXC9wYXJhdG9kYXNsYXNwZXJzb25hc1wvd3AtY29udGVudFwvdXBsb2Fkc1wvMjAyNVwvMTBcL3Byb3llY3RvMS1BLmpwZyIsInNsaWRlc2hvdyI6Ijk0OWNlMmMifQ%3D%3D\">\n\t\t\t\t\t<div class=\"e-gallery-image elementor-gallery-item__image\" data-thumbnail=\"https:\/\/www.delapuerta.com\/paratodaslaspersonas\/wp-content\/uploads\/2025\/10\/proyecto1-A-1024x683.jpg\" data-width=\"800\" data-height=\"534\" aria-label=\"\" role=\"img\" ><\/div>\n\t\t\t\t\t\t\t\t\t\t\t<div class=\"elementor-gallery-item__overlay\"><\/div>\n\t\t\t\t\t\t\t\t\t\t\t\t\t\t<\/a>\n\t\t\t\t\t\t\t<a class=\"e-gallery-item elementor-gallery-item elementor-animated-content\" href=\"https:\/\/www.delapuerta.com\/paratodaslaspersonas\/wp-content\/uploads\/2025\/10\/proyecto1-B-scaled.jpg\" data-elementor-open-lightbox=\"yes\" data-elementor-lightbox-slideshow=\"949ce2c\" data-elementor-lightbox-title=\"proyecto1-B\" data-e-action-hash=\"#elementor-action%3Aaction%3Dlightbox%26settings%3DeyJpZCI6NTYxLCJ1cmwiOiJodHRwczpcL1wvd3d3LmRlbGFwdWVydGEuY29tXC9wYXJhdG9kYXNsYXNwZXJzb25hc1wvd3AtY29udGVudFwvdXBsb2Fkc1wvMjAyNVwvMTBcL3Byb3llY3RvMS1CLXNjYWxlZC5qcGciLCJzbGlkZXNob3ciOiI5NDljZTJjIn0%3D\">\n\t\t\t\t\t<div class=\"e-gallery-image elementor-gallery-item__image\" data-thumbnail=\"https:\/\/www.delapuerta.com\/paratodaslaspersonas\/wp-content\/uploads\/2025\/10\/proyecto1-B-683x1024.jpg\" data-width=\"683\" data-height=\"1024\" aria-label=\"\" role=\"img\" ><\/div>\n\t\t\t\t\t\t\t\t\t\t\t<div class=\"elementor-gallery-item__overlay\"><\/div>\n\t\t\t\t\t\t\t\t\t\t\t\t\t\t<\/a>\n\t\t\t\t\t\t\t<a class=\"e-gallery-item elementor-gallery-item elementor-animated-content\" href=\"https:\/\/www.delapuerta.com\/paratodaslaspersonas\/wp-content\/uploads\/2025\/10\/proyecto1-C-scaled.jpg\" data-elementor-open-lightbox=\"yes\" data-elementor-lightbox-slideshow=\"949ce2c\" data-elementor-lightbox-title=\"proyecto1-C\" data-e-action-hash=\"#elementor-action%3Aaction%3Dlightbox%26settings%3DeyJpZCI6NTYyLCJ1cmwiOiJodHRwczpcL1wvd3d3LmRlbGFwdWVydGEuY29tXC9wYXJhdG9kYXNsYXNwZXJzb25hc1wvd3AtY29udGVudFwvdXBsb2Fkc1wvMjAyNVwvMTBcL3Byb3llY3RvMS1DLXNjYWxlZC5qcGciLCJzbGlkZXNob3ciOiI5NDljZTJjIn0%3D\">\n\t\t\t\t\t<div class=\"e-gallery-image elementor-gallery-item__image\" data-thumbnail=\"https:\/\/www.delapuerta.com\/paratodaslaspersonas\/wp-content\/uploads\/2025\/10\/proyecto1-C-683x1024.jpg\" data-width=\"683\" data-height=\"1024\" aria-label=\"\" role=\"img\" ><\/div>\n\t\t\t\t\t\t\t\t\t\t\t<div class=\"elementor-gallery-item__overlay\"><\/div>\n\t\t\t\t\t\t\t\t\t\t\t\t\t\t<\/a>\n\t\t\t\t\t\t\t<a class=\"e-gallery-item elementor-gallery-item elementor-animated-content\" href=\"https:\/\/www.delapuerta.com\/paratodaslaspersonas\/wp-content\/uploads\/2025\/10\/proyecto1-D.jpg\" data-elementor-open-lightbox=\"yes\" data-elementor-lightbox-slideshow=\"949ce2c\" data-elementor-lightbox-title=\"OLYMPUS DIGITAL CAMERA\" data-e-action-hash=\"#elementor-action%3Aaction%3Dlightbox%26settings%3DeyJpZCI6NTYzLCJ1cmwiOiJodHRwczpcL1wvd3d3LmRlbGFwdWVydGEuY29tXC9wYXJhdG9kYXNsYXNwZXJzb25hc1wvd3AtY29udGVudFwvdXBsb2Fkc1wvMjAyNVwvMTBcL3Byb3llY3RvMS1ELmpwZyIsInNsaWRlc2hvdyI6Ijk0OWNlMmMifQ%3D%3D\">\n\t\t\t\t\t<div class=\"e-gallery-image elementor-gallery-item__image\" data-thumbnail=\"https:\/\/www.delapuerta.com\/paratodaslaspersonas\/wp-content\/uploads\/2025\/10\/proyecto1-D-683x1024.jpg\" data-width=\"683\" data-height=\"1024\" aria-label=\"\" role=\"img\" ><\/div>\n\t\t\t\t\t\t\t\t\t\t\t<div class=\"elementor-gallery-item__overlay\"><\/div>\n\t\t\t\t\t\t\t\t\t\t\t\t\t\t<\/a>\n\t\t\t\t\t\t\t<a class=\"e-gallery-item elementor-gallery-item elementor-animated-content\" href=\"https:\/\/www.delapuerta.com\/paratodaslaspersonas\/wp-content\/uploads\/2025\/10\/proyecto1-0-scaled.jpg\" data-elementor-open-lightbox=\"yes\" data-elementor-lightbox-slideshow=\"949ce2c\" data-elementor-lightbox-title=\"proyecto1-0\" data-e-action-hash=\"#elementor-action%3Aaction%3Dlightbox%26settings%3DeyJpZCI6NTU5LCJ1cmwiOiJodHRwczpcL1wvd3d3LmRlbGFwdWVydGEuY29tXC9wYXJhdG9kYXNsYXNwZXJzb25hc1wvd3AtY29udGVudFwvdXBsb2Fkc1wvMjAyNVwvMTBcL3Byb3llY3RvMS0wLXNjYWxlZC5qcGciLCJzbGlkZXNob3ciOiI5NDljZTJjIn0%3D\">\n\t\t\t\t\t<div class=\"e-gallery-image elementor-gallery-item__image\" data-thumbnail=\"https:\/\/www.delapuerta.com\/paratodaslaspersonas\/wp-content\/uploads\/2025\/10\/proyecto1-0-1024x1024.jpg\" data-width=\"800\" data-height=\"800\" aria-label=\"\" role=\"img\" ><\/div>\n\t\t\t\t\t\t\t\t\t\t\t<div class=\"elementor-gallery-item__overlay\"><\/div>\n\t\t\t\t\t\t\t\t\t\t\t\t\t\t<\/a>\n\t\t\t\t\t<\/div>\n\t\t\t\t\t<\/div>\n\t\t\t\t<\/div>\n\t\t\t\t\t<\/div>\n\t\t<\/div>\n\t\t\t\t\t<\/div>\n\t\t<\/section>\n\t\t\t\t<section class=\"elementor-section elementor-top-section elementor-element elementor-element-8b57562 elementor-section-boxed elementor-section-height-default elementor-section-height-default\" data-id=\"8b57562\" data-element_type=\"section\">\n\t\t\t\t\t\t<div class=\"elementor-container elementor-column-gap-default\">\n\t\t\t\t\t<div class=\"elementor-column elementor-col-100 elementor-top-column elementor-element elementor-element-f96e31e\" data-id=\"f96e31e\" data-element_type=\"column\">\n\t\t\t<div class=\"elementor-widget-wrap elementor-element-populated\">\n\t\t\t\t\t\t<div class=\"elementor-element elementor-element-123bcd0 comillas elementor-widget elementor-widget-heading\" data-id=\"123bcd0\" data-element_type=\"widget\" data-widget_type=\"heading.default\">\n\t\t\t\t<div class=\"elementor-widget-container\">\n\t\t\t\t\t<div class=\"elementor-heading-title elementor-size-default\">Un puente entre sa\u00facos lleva al espacio invernadero, al espacio de papel y al espacio de madera<\/div>\t\t\t\t<\/div>\n\t\t\t\t<\/div>\n\t\t\t\t\t<\/div>\n\t\t<\/div>\n\t\t\t\t\t<\/div>\n\t\t<\/section>\n\t\t\t\t<\/div>\n\t\t","protected":false},"excerpt":{"rendered":"<p>&lt;&lt; Volver Centro de formaci\u00f3n y m\u00f3dulos residenciales ASPANIAS, BURGOS, 1995 El solar cedido por el ayuntamiento de Burgos a la asociaci\u00f3n de padres permit\u00eda, por fin, integrar un centro urbano de este tipo en el casco urbano consolidado. La parcela linda al sur con un parque p\u00fablico, mientras en el norte se encuentra la [&hellip;]<\/p>\n","protected":false},"author":2,"featured_media":0,"parent":0,"menu_order":0,"comment_status":"closed","ping_status":"closed","template":"","meta":{"_acf_changed":false,"footnotes":""},"class_list":["post-2","page","type-page","status-publish","hentry"],"acf":[],"_links":{"self":[{"href":"https:\/\/www.delapuerta.com\/paratodaslaspersonas\/wp-json\/wp\/v2\/pages\/2","targetHints":{"allow":["GET"]}}],"collection":[{"href":"https:\/\/www.delapuerta.com\/paratodaslaspersonas\/wp-json\/wp\/v2\/pages"}],"about":[{"href":"https:\/\/www.delapuerta.com\/paratodaslaspersonas\/wp-json\/wp\/v2\/types\/page"}],"author":[{"embeddable":true,"href":"https:\/\/www.delapuerta.com\/paratodaslaspersonas\/wp-json\/wp\/v2\/users\/2"}],"replies":[{"embeddable":true,"href":"https:\/\/www.delapuerta.com\/paratodaslaspersonas\/wp-json\/wp\/v2\/comments?post=2"}],"version-history":[{"count":106,"href":"https:\/\/www.delapuerta.com\/paratodaslaspersonas\/wp-json\/wp\/v2\/pages\/2\/revisions"}],"predecessor-version":[{"id":777,"href":"https:\/\/www.delapuerta.com\/paratodaslaspersonas\/wp-json\/wp\/v2\/pages\/2\/revisions\/777"}],"wp:attachment":[{"href":"https:\/\/www.delapuerta.com\/paratodaslaspersonas\/wp-json\/wp\/v2\/media?parent=2"}],"curies":[{"name":"wp","href":"https:\/\/api.w.org\/{rel}","templated":true}]}}